{"id":478,"date":"2024-04-10T12:31:44","date_gmt":"2024-04-10T12:31:44","guid":{"rendered":"https:\/\/hajusteyliherkkyys.com\/?page_id=478"},"modified":"2024-04-16T17:17:38","modified_gmt":"2024-04-16T17:17:38","slug":"ajankohtaista","status":"publish","type":"page","link":"https:\/\/hajusteyliherkkyys.com\/index.php\/ajankohtaista\/","title":{"rendered":"Ajankohtaista"},"content":{"rendered":"\n<p>L\u00e4\u00e4k\u00e4ri Saija Hyv\u00f6nen&nbsp;<a href=\"https:\/\/www.facebook.com\/saija.hyvonen.56\/videos\/3259575080965268\" target=\"_blank\" rel=\"noreferrer noopener\">kertoo sis\u00e4ilmariskeist\u00e4 elokuussa 2022 koulujen alkaessa<\/a><\/p>\n\n\n\n<hr class=\"wp-block-separator has-alpha-channel-opacity\"\/>\n\n\n\n<p><strong>L\u00e4\u00e4ketieteen tohtori Saija Hyv\u00f6nen havaitsi v\u00e4it\u00f6skirjassaan 2022,<\/strong>&nbsp;ett\u00e4 sis\u00e4ilmaongelmista k\u00e4rsineell\u00e4 poliisilaitoksella terveist\u00e4 poliiseista 22 % ja k\u00e4til\u00f6opistolla 40 % k\u00e4til\u00f6ist\u00e4 sairastui kemikaaliyliherkkyyteen. Terveiss\u00e4 tiloissa ty\u00f6skennelleist\u00e4 verrokeista vain 9 % sairasti kemikaaliyliherkkyytt\u00e4. Hyv\u00f6sen v\u00e4it\u00f6skirja siis osoittaa, ett\u00e4 kosteusvauriomikrobeista k\u00e4rsiv\u00e4ll\u00e4 ty\u00f6paikalla ty\u00f6skentely lis\u00e4\u00e4 merkitt\u00e4v\u00e4sti riski\u00e4 sairastua kemikaaliyliherkkyyteen. Suomen Hajuste- ja Kemikaaliyliherk\u00e4t on my\u00f6nt\u00e4nyt Saija Hyv\u00f6selle ty\u00f6st\u00e4\u00e4n&nbsp;<a href=\"https:\/\/hajusteyliherkkyys.com\/index.php\/kunniakirjat\/\" data-type=\"link\" data-id=\"https:\/\/hajusteyliherkkyys.com\/index.php\/kunniakirjat\/\" target=\"_blank\" rel=\"noreferrer noopener\">Sis\u00e4ilmasankari 2022 -kunniakirjan<\/a>. Katso my\u00f6s:&nbsp;<a href=\"https:\/\/hajusteyliherkkyys.com\/index.php\/artikkeleja-suomennettuna\/\" data-type=\"link\" data-id=\"https:\/\/hajusteyliherkkyys.com\/index.php\/artikkeleja-suomennettuna\/\">v\u00e4it\u00f6skirjan lyhennelm\u00e4<\/a><\/p>\n\n\n\n<hr class=\"wp-block-separator has-alpha-channel-opacity\"\/>\n\n\n\n<p><br>Suomen Hajuste- ja kemikaaliyliherk\u00e4t ry on my\u00f6nt\u00e4nyt kunniakirjan Rataskodit Oy:lle:<br><a href=\"https:\/\/hajusteyliherkkyys.com\/index.php\/kunniakirjat\/\" data-type=\"link\" data-id=\"https:\/\/hajusteyliherkkyys.com\/index.php\/kunniakirjat\/\" target=\"_blank\" rel=\"noreferrer noopener\">Kunniakirja Rataskodille<\/a>&nbsp;(PDF)<\/p>\n\n\n\n<hr class=\"wp-block-separator has-alpha-channel-opacity\"\/>\n\n\n\n<p><br>Tieteellinen julkaisu Turun yliopistosta 7.12.2020:<br><strong>Indoor-related microbe damage induces complement system activation in building users<\/strong><br>Tekij\u00e4t: Janne Atosuo, Outi Karhuvaara, Eetu Suominen, Liisa Vil\u00e9n, Jari Nuutila ja Tuula Putus<br>Artikkeli on vapaasti luettavissa osoitteessa:&nbsp;<a href=\"https:\/\/doi.org\/10.1177\/1753425920966641\" target=\"_blank\" rel=\"noopener\">https:\/\/doi.org\/10.1177\/1753425920966641<\/a><\/p>\n\n\n\n<hr class=\"wp-block-separator has-alpha-channel-opacity\"\/>\n\n\n\n<p><br><strong>Esteet\u00f6nt\u00e4 asioimista julkisissa ja yleisiss\u00e4 sis\u00e4tiloissa my\u00f6s hajusteista sairastuville<\/strong><br><a href=\"https:\/\/www.kansalaisaloite.fi\/fi\/aloite\/7770\" target=\"_blank\" rel=\"noopener\">Allekirjoita kansalaisaloite<\/a><\/p>\n\n\n\n<hr class=\"wp-block-separator has-alpha-channel-opacity\"\/>\n\n\n\n<p><strong>Hake on mukana Asunnottomien y\u00f6ss\u00e4<\/strong><br><br>Suomen Hajuste- ja Kemikaaliyliherk\u00e4t ry osallistuu vuonna 2020 Sis\u00e4ilmalupauksen Asunnottomien y\u00f6 -kampanjaan koronavirusepidemian takia virtuaalisesti internetiss\u00e4. Sis\u00e4ilmalupauksen kampanja alkaa 10.10.2020 huipentuen 17.10.2020 Asunnottomien y\u00f6h\u00f6n.<br><br>Lis\u00e4tietoa:<br><a href=\"https:\/\/asunnottomienyo.fi\/\" target=\"_blank\" rel=\"noopener\">Asunnottomien y\u00f6<\/a><br><a href=\"https:\/\/fi-fi.facebook.com\/asunnottomienyo\" target=\"_blank\" rel=\"noopener\">Facebook: Asunnottomien y\u00f6 17.10.<\/a><br><a href=\"https:\/\/sisailmalupaus.wixsite.com\/website\" target=\"_blank\" rel=\"noopener\">Sis\u00e4ilmalupaus<\/a><br><strong>Julisteita kotisivuillamme, ks. Asuminen<\/strong><\/p>\n\n\n\n<hr class=\"wp-block-separator has-alpha-channel-opacity\"\/>\n\n\n\n<p><strong>Hajuste- ja kemikaaliyliherk\u00e4t ry:n vuosikokous 16.8.2020 klo 12<\/strong><br><br>Yhdistyksemme vuosikokous pidet\u00e4\u00e4n 16.08.2020 klo 12.00 Espoossa Haukilahden Paviljongissa, Mellstenintie 12. Jos koronatilanne suo, niin kokouksen j\u00e4lkeen yhdistys tarjoaa ilmaiseksi ruokaa j\u00e4senille ja viet\u00e4mme kes\u00e4juhlaa.<br><br>Kaikki ovat syd\u00e4mellisesti tervetulleita mukaan t\u00e4ysin ilman hajusteita.<\/p>\n\n\n\n<hr class=\"wp-block-separator has-alpha-channel-opacity\"\/>\n\n\n\n<p><a href=\"https:\/\/yle.fi\/uutiset\/3-11214352?fbclid=IwAR2KNY7lkh4yPillO4th3twF7AAAPXCnPLPUUWzNGSBF9ulbLH10XnXwsmE\" target=\"_blank\" rel=\"noopener\">Onko sis\u00e4ilmaoireilu sittenkin isoksi osaksi aivoper\u00e4ist\u00e4, kuten nyt v\u00e4itet\u00e4\u00e4n? Ylen selvitys kertoo, ett\u00e4 selitys on tieteellisesti ohuella pohjalla<\/a>&nbsp;Maailmalla sis\u00e4ilmaa tutkitaan vilkkaasti. Suomessa linjaksi on vaihtunut selitys, ett\u00e4 oireilu paheneekin aivoissa.<br>yle.fi 21.2.2020<\/p>\n\n\n\n<hr class=\"wp-block-separator has-alpha-channel-opacity\"\/>\n\n\n\n<p><strong>Tutkimus: Altistuminen kosteusvaurioituneelle sis\u00e4ilmalle lis\u00e4\u00e4 riski\u00e4 sairastua kemikaaliyliherkkyyteen<\/strong><br><br>Aiemmin on todettu, ett\u00e4 altistuminen kosteusvaurioituneen sis\u00e4tilan mikrobistolle (kuten ilmassa oleville pienille homepartikkeleille sek\u00e4 home- tai bakteerimyrkyille) voi aiheuttaa hengenahdistuksen, astman pahenemisen tai sairastumisen astmaan, ylempien hengitysteiden infektioihin, allergiseen nuhaan, keuhkoputkentulehduksiin, alveoliittiin tai orgaanisen p\u00f6lyn aiheuttamaan toksiseen oireyhtym\u00e4\u00e4n (ODTS eli Organic Dust Toxic Syndrome).<br><br>Tammikuussa 2020 julkaistu tutkimus&nbsp;<em>Moist and mold exposure is associated with high prevalence of neurological symptoms and MCS in a Finnish hospital workers cohort<\/em>&nbsp;osoittaa, ett\u00e4 altistuminen homeisen ty\u00f6paikan sis\u00e4ilmalle lis\u00e4\u00e4 merkitt\u00e4v\u00e4sti riski\u00e4 sairastua kemikaaliyliherkkyyteen. Tutkimuksen ovat tehneet ty\u00f6terveyshuollon erikoisl\u00e4\u00e4k\u00e4ri&nbsp;<em>Saija Hyv\u00f6nen<\/em>, yleisl\u00e4\u00e4ketieteen erikoisl\u00e4\u00e4k\u00e4ri, dosentti&nbsp;<em>Jouni Lohi<\/em>&nbsp;sek\u00e4 kliinisen mikrobiologian erikoisl\u00e4\u00e4k\u00e4ri ja l\u00e4\u00e4ketieteellisen mikrobiologian dosentti&nbsp;<em>Tamara Tuuminen<\/em>.<br><br>Tutkimuksessa tutkittiin 90 K\u00e4til\u00f6opistolla homevaurioille altistunutta hoitajaa tai k\u00e4til\u00f6\u00e4. Vertailuryhm\u00e4n\u00e4 toimi 45 toimistovirkailijaa, joilla ei ollut altistumista kosteusvauriomikrobistolle. K\u00e4til\u00f6opistolla otetuista n\u00e4ytteist\u00e4 yli puolesta l\u00f6ytyi haitallista mikrobikasvustoa:&nbsp;<em>Penicillium spp, Actinomyces, Aspergillus spp, Paecilomyces vario, Chladosporium sp, Aspergillus niger, Aspergillus sydowii ja Exophiala spp<\/em>.<br><br>K\u00e4til\u00f6opistolla ty\u00f6skennelleist\u00e4 40 % sairastui kemikaaliyliherkkyyteen, kun vertailuryhm\u00e4ss\u00e4 kemikaaliyliherkki\u00e4 oli 9 % (p=0.01). Kemikaaliyliherkkien keskim\u00e4\u00e4r\u00e4inen ty\u00f6skentelyaika vesivaurioituneessa rakennuksessa oli 7,8 vuotta (minimi kaksi kuukautta ja maksimi 25 vuotta) ja niiden, jotka eiv\u00e4t olleet sairastuneet kemikaaliyliherkkyyteen, keskim\u00e4\u00e4r\u00e4inen ty\u00f6skentelyaika oli 4,9 vuotta (minimi alle viikko ja maksimi 40 vuotta). Jo aiemmin on todettu, ett\u00e4 kemikaaliyliherkkyyteen sairastumisen riski\u00e4 lis\u00e4\u00e4 pitk\u00e4aikainen tai kumulatiivinen altistuminen homevaurioituneelle sis\u00e4ilmalle.<br><br>K\u00e4til\u00f6opistolla altistuneista 62 % k\u00e4rsi keskushermosto-oireista, kun vertailuryhm\u00e4ss\u00e4 niit\u00e4 oli 11 %:lla. Kemikaaliyliherkkyydess\u00e4 keskushermosto-oireet ovat hyvin yleisi\u00e4 ja keskeisi\u00e4. Syd\u00e4men rytmih\u00e4iri\u00f6ist\u00e4 k\u00e4rsi altistuneista 57 % ja verrokeista 2,4 %. Migreeni\u00e4 oli 22 %:lla altistuneista ja 6,7 %:lla verrokeista. Astmasta k\u00e4rsi 57 % K\u00e4til\u00f6opistolla altistuneista ja 20 % verrokeista.<br><br>Koko tutkimus:<br>Saija Hyv\u00f6nen, Jouni Lohi ja Tamara Tuuminen:&nbsp;<a href=\"https:\/\/www.sciencedirect.com\/science\/article\/pii\/S2093791119306419\" target=\"_blank\" rel=\"noreferrer noopener\">Moist and mold exposure is associated with high prevalence of neurological symptoms and MCS in a Finnish hospital workers cohort<\/a>, https:\/\/www.sciencedirect.com\/science\/article\/pii\/S2093791119306419.<br>Available online 29 January 2020.<\/p>\n\n\n\n<hr class=\"wp-block-separator has-alpha-channel-opacity\"\/>\n\n\n\n<p><a href=\"https:\/\/yle.fi\/uutiset\/3-11127140?origin=rss\" target=\"_blank\" rel=\"noreferrer noopener\">Selma Vilhusen kolumni: K\u00f6yh\u00e4t ja homeiset. Onko meill\u00e4 varaa antaa osan sairastua vakavasti rakennusten ongelmista vain siksi, ett\u00e4 aivan kaikki eiv\u00e4t sairastu, kysyy Selma Vilhunen.<\/a><br>yle.fi 22.1.2020<\/p>\n\n\n\n<hr class=\"wp-block-separator has-alpha-channel-opacity\"\/>\n\n\n\n<p><a href=\"https:\/\/www.vantaansanomat.fi\/artikkeli\/829975-simonkylan-koulupaviljongin-puhdasta-ilmaa-vaalitaan-tarkasti-uuteen-rakennukseen?fbclid=IwAR0amSHWc5hait0-N0_aKIv3GzlL5FD9rurpBT1Ms3EKuA3HbZT3Y9f5blw\" target=\"_blank\" rel=\"noreferrer noopener\">Simonkyl\u00e4n koulupaviljongin puhdasta ilmaa vaalitaan tarkasti: Uuteen rakennukseen tullaan aamusuihkun kautta, kyn\u00e4\u00e4k\u00e4\u00e4n ei tuoda muista kouluista<\/a><br>Vantaan Sanomat 4.1.2020<\/p>\n\n\n\n<hr class=\"wp-block-separator has-alpha-channel-opacity\"\/>\n\n\n\n<p><a href=\"https:\/\/www.kansalaisaloite.fi\/fi\/aloite\/5501?fbclid=IwAR1FhoeN1eSM0wxpVhuRCWshTAugPe7q63WfwM8rG0duWwC49VJDJF2-0xE\" target=\"_blank\" rel=\"noreferrer noopener\">Julkiset tilat hajusteettomiksi \u2013 kansalaisaloite<\/a><br>Kansalaisaloite julkisten tilojen saamiseksi hajusteettomiksi julkaistiin 20.11.2019. Aloitteen toimeenpanijoina on yksityishenkil\u00f6it\u00e4. K\u00e4y allekirjoittamassa.<\/p>\n\n\n\n<hr class=\"wp-block-separator has-alpha-channel-opacity\"\/>\n\n\n\n<p><a href=\"https:\/\/forms.gle\/iuZcU9ViyicDbn7A8\" target=\"_blank\" rel=\"noreferrer noopener\">OSALLISTU MCS-SAIRASTUNEEN ASUMISKYSELYYN<\/a><\/p>\n\n\n\n<p><a href=\"https:\/\/hajusteyliherkkyys.com\/wp-content\/uploads\/2024\/04\/MCS-sairastuneen-asumiskyselyn-tulokset-20012020.pdf\" data-type=\"link\" data-id=\"https:\/\/hajusteyliherkkyys.com\/wp-content\/uploads\/2024\/04\/MCS-sairastuneen-asumiskyselyn-tulokset-20012020.pdf\">Asumiskyselyn tulokset<\/a>\u00a0(PDF)<\/p>\n\n\n\n<hr class=\"wp-block-separator has-alpha-channel-opacity\"\/>\n\n\n\n<p><strong>Yhdistyksemme osallistuu torstaina 17.10.2019 klo 17 alkaen Asunnottomien y\u00f6 -tapahtumaan<\/strong>&nbsp;yhteisty\u00f6ss\u00e4 sis\u00e4ilmalupaus -kampanjan kanssa Helsingiss\u00e4 Kinaporinpuistossa, S\u00f6rn\u00e4isten metroaseman l\u00e4hell\u00e4, Kinaporinkadulla. Sielt\u00e4 alkaa klo 17.45 kulkue kodittomuuden lopettamisen puolesta. Tule mukaan kulkueeseen ja tuo yst\u00e4v\u00e4sikin! Mik\u00e4li mahdollista, ota mukaan taskulamppu ja banderolli asian puolesta. Voit tuoda tilaisuuteen my\u00f6s led-kynttil\u00e4n muistoksi henkil\u00f6lle, joka kuoli \u00e4skett\u00e4in kodittomuuteen sis\u00e4ilmaoireilun takia.<br>Lis\u00e4tietoa:<br><a href=\"https:\/\/www.facebook.com\/sisailmalupaus\" target=\"_blank\" rel=\"noopener\">https:\/\/www.facebook.com\/sisailmalupaus<\/a><br><a href=\"https:\/\/asunnottomienyo.fi\/\" target=\"_blank\" rel=\"noopener\">https:\/\/asunnottomienyo.fi<\/a><\/p>\n\n\n\n<hr class=\"wp-block-separator has-alpha-channel-opacity\"\/>\n\n\n\n<p><a href=\"https:\/\/areena.yle.fi\/1-4616159?autoplay=true\" target=\"_blank\" rel=\"noreferrer noopener\">Monikemikaalioireyhtym\u00e4st\u00e4 k\u00e4rsiv\u00e4n Emilian videotarina<\/a><br>Elokuvaohjaaja Emilia sairastui monikemikaalioireyhtym\u00e4\u00e4n opiskellessaan ja joutui muuttamaan yksin kes\u00e4m\u00f6kille. Rap-riimien kautta h\u00e4n purkaa tuntojaan ymp\u00e4rist\u00f6pakolaisena. areena.yle.fi<\/p>\n\n\n\n<hr class=\"wp-block-separator has-alpha-channel-opacity\"\/>\n\n\n\n<p><a href=\"http:\/\/www.permanto.fi\/fi\/web\/alfatv\/player\/vod?assetId=16918717\" target=\"_blank\" rel=\"noreferrer noopener\">L\u00e4\u00e4k\u00e4ri Tamara Tuuminen Dosentin haastateltavana<\/a><br>L\u00e4\u00e4ketieteen ja mikrobiologian dosentti Tamara Tuuminen Dosentin haastateltavana Alfa-TV:ss\u00e4 sis\u00e4ilmasta ja sen aiheuttamista oireista ja sairauksista.<\/p>\n\n\n\n<hr class=\"wp-block-separator has-alpha-channel-opacity\"\/>\n\n\n\n<p><strong>12.5.2019 ON KANSAINV\u00c4LINEN MCS-POTILAIDEN P\u00c4IV\u00c4<\/strong><\/p>\n\n\n\n<p>Yhdistyksemme osallistuu 12.5. pidett\u00e4v\u00e4\u00e4n ensimm\u00e4iseen kansainv\u00e4liseen MCS-potilaiden eli kemikaaliyliherkkien p\u00e4iv\u00e4\u00e4n.<br>P\u00e4iv\u00e4n on ideoinut Ranskan MCS-yhdistys SOSMCS.<\/p>\n\n\n\n<p>Lis\u00e4tietoa ranskankielisilt\u00e4 sivuilta ja yhdistyksen Facebookista:<br><a href=\"https:\/\/www.sosmcs.org\/\" target=\"_blank\" rel=\"noopener\">SOSMCS<\/a><br><a href=\"https:\/\/www.handirect.fr\/journee-mondiale-des-maladies-dorigine-environnementale\/\" target=\"_blank\" rel=\"noopener\">Journ\u00e9e Mondiale des Maladies d origine environnementale<\/a><br><a href=\"https:\/\/www.facebook.com\/SOS-MCS-154343175178678\/?__tn__=%2Cd%2CP-R&amp;eid=ARAh4CX0A3XTMiN-IEP-GREWjuAqr1byq1QE-w2kZhguSruTcGs65oMLYxoUo2Vma6e-71PpH66yhR1R\" target=\"_blank\" rel=\"noopener\">SOSMCS Facebook<\/a><\/p>\n\n\n\n<hr class=\"wp-block-separator has-alpha-channel-opacity\"\/>\n\n\n\n<p><strong>Helsingin Biopankki hyv\u00e4ss\u00e4 hengess\u00e4 16.4.2019 klo 9-15 Meilahden tornisairaalan aulassa, Haartmaninkatu 4<\/strong><\/p>\n\n\n\n<p>Helsingin Biopankin huhtikuun teemana on hyv\u00e4 hengitys, puhdas sis\u00e4ilma ja tuoksuton sairaala. Teemap\u00e4iv\u00e4n tapahtumassa p\u00e4\u00e4set laajasti tutustumaan Hengitysliiton, Allergia-, Iho- ja Astmaliiton toimintaan, Kelan kuntoutuspalveluihin ja hyv\u00e4n sis\u00e4ilman reseptiin. Saat tietoa tuoksuttoman ymp\u00e4rist\u00f6n t\u00e4rkeydest\u00e4 ja tukea savuttomaan arkeen.<\/p>\n\n\n\n<p>Paikalla on my\u00f6s Suomen Hajuste- ja Kemikaaliyliherk\u00e4t ry.<\/p>\n\n\n\n<hr class=\"wp-block-separator has-alpha-channel-opacity\"\/>\n\n\n\n<p>Jenni ja Aapo M\u00e4\u00e4tt\u00e4 asuvat hirsivaunussa ja harkitsevat niiden valmistamista muillekin sis\u00e4ilmasairaille. Ohessa kysely, jonka kautta voit ilmaista heille tarpeesi ja kiinnostuksesi hirsivaunuja kohtaan.&nbsp;<a href=\"https:\/\/docs.google.com\/forms\/d\/e\/1FAIpQLSeK_K_yu_lAzhncPtvK336tttaOYWxMa4amsG73XJP00SsPTA\/viewform?vc=0&amp;c=0&amp;w=1\" target=\"_blank\" rel=\"noopener\">Kartoitus hirsivaunujen tarpeesta<\/a><\/p>\n\n\n\n<hr class=\"wp-block-separator has-alpha-channel-opacity\"\/>\n\n\n\n<p><a href=\"https:\/\/www.mtvuutiset.fi\/artikkeli\/syy-painonnousuun-saattaa-leijailla-kodissasi-huonepoly-voi-saada-rasvasolut-villiintymaan\/7340548#gs.30q5z3\" target=\"_blank\" rel=\"noopener\">Syy lihomiseen saattaa olla huonep\u00f6ly<\/a><br>Duke University&#8217;s Nicholas School of the Environment -yliopiston tutkimus vahvistaa k\u00e4sityst\u00e4, jonka mukaan altistuminen sis\u00e4tiloissa l\u00e4sn\u00e4oleville kemikaaleille on yhteydess\u00e4 aineenvaihdunnalliseen terveyteen.<br>Julk. 30.3.2019<\/p>\n\n\n\n<p><a href=\"https:\/\/homepakolaiset.fi\/sisailma-ja-terveys\/tutkimustietoa\/esimerkki-altisteryhmasta-ftalaatit\/\" target=\"_blank\" rel=\"noopener\">Ks. my\u00f6s katsaus ftalaatteihin yhten\u00e4 sis\u00e4ymp\u00e4rist\u00f6n altisteryhm\u00e4n\u00e4<\/a><\/p>\n\n\n\n<hr class=\"wp-block-separator has-alpha-channel-opacity\"\/>\n\n\n\n<p><a href=\"https:\/\/www.menaiset.fi\/artikkeli\/hyva-olo\/terveys\/huono-sisailma-sairastuttaa-salakavalasti-10-kysymysta-oireista\" target=\"_blank\" rel=\"noopener\">Huono sis\u00e4ilma sairastuttaa salakavalasti &#8211; 10 kysymyst\u00e4 oireista<\/a><br>Asiantuntijoina ty\u00f6terveyshuollon ja ymp\u00e4rist\u00f6l\u00e4\u00e4ketieteen professori Tuula Putus sek\u00e4 professori emeritus, infektiol\u00e4\u00e4k\u00e4ri Ville Valtonen<br>et 20.2.2019<\/p>\n\n\n\n<hr class=\"wp-block-separator has-alpha-channel-opacity\"\/>\n\n\n\n<p><strong>SIS\u00c4ILMALUPAUS-kampanja on k\u00e4ynniss\u00e4<\/strong><\/p>\n\n\n\n<p>Suomessa sis\u00e4ilmasairaat eiv\u00e4t nykyisin saa perus- ja ihmisoikeuksien mukaista yhdenvertaista kohtelua. Sairaat syrj\u00e4ytt\u00e4vien rakenteiden vuoksi sis\u00e4ilmasairas saattaa joutua ensin l\u00e4\u00e4k\u00e4riin, sitten v\u00e4ist\u00f6tiloihin, sitten ty\u00f6el\u00e4m\u00e4n ulkopuolelle ja lopulta yhteiskunnankin ulkopuolelle esimerkiksi asunnottomuuteen. N\u00e4in ei voi jatkua. T\u00e4st\u00e4 syyst\u00e4 kansanedustajaehdokkaita on haastettu antamaan Sis\u00e4ilmalupaus.<\/p>\n\n\n\n<p>Sis\u00e4ilmalupaus sis\u00e4lt\u00e4\u00e4 sis\u00e4ilmasairaillekin yhdenvertaiset<br>&#8211; terveyspalvelut<br>&#8211; sosiaalipalvelut<br>&#8211; toimeentulon<br>&#8211; koulutus- ja ty\u00f6skentelymahdollisuudet<\/p>\n\n\n\n<p>Tutustu Sis\u00e4ilmalupaus-kampanjasivuun ja k\u00e4y allekirjoittamassa tukiadressi:<\/p>\n\n\n\n<p><a href=\"https:\/\/www.adressit.com\/kansalaisadressi_sisailmalupauksen_puolesta\" target=\"_blank\" rel=\"noopener\">Sis\u00e4ilmalupausta tukeva kansalaisadressi<\/a><\/p>\n\n\n\n<hr class=\"wp-block-separator has-alpha-channel-opacity\"\/>\n\n\n\n<p><a href=\"https:\/\/seura.fi\/asiat\/ajankohtaista\/nain-mehilainen-vaiensi-laakarinsa-suukapulasopimus-rajoitti-julkisia-esiintymisia\/\" target=\"_blank\" rel=\"noopener\">N\u00e4in Mehil\u00e4inen vaiensi l\u00e4\u00e4k\u00e4rins\u00e4 &#8211; &#8221;suukapulasopimus&#8221; rajoitti julkisia esiintymisi\u00e4<\/a><br>Seura 1.2.2019<\/p>\n\n\n\n<hr class=\"wp-block-separator has-alpha-channel-opacity\"\/>\n\n\n\n<p><a href=\"https:\/\/yle.fi\/uutiset\/3-10489315?fbclid=IwAR1tlT21IKNrBi6WKUfyTZOTHsjeRnIGXVGMcoTE0wCUV-H8Z01-CzrrVgo\" target=\"_blank\" rel=\"noopener\">Kansallinen sis\u00e4ilmaohjelma leimaa oireilua psyykkiseksi ja syvent\u00e4\u00e4 ep\u00e4luottamusta &#8211; Suomeen kootaan &#8221;sis\u00e4ilmaliikett\u00e4&#8221; vaalikev\u00e4\u00e4ksi<\/a><\/p>\n\n\n\n<p>Uusi, laaja sis\u00e4ilmaohjelma v\u00e4itt\u00e4\u00e4 kuuntelevansa ihmisi\u00e4 mutta k\u00e4\u00e4nt\u00e4\u00e4 tosiasiassa sel\u00e4n kent\u00e4n todellisuudelle, kirjoittaa taloustoimittaja Janne Toivonen.<\/p>\n\n\n\n<p>yle.fi 3.11.2018<\/p>\n\n\n\n<hr class=\"wp-block-separator has-alpha-channel-opacity\"\/>\n\n\n\n<p><strong>Hajuste- ja kemikaaliyliherk\u00e4n apuv\u00e4lineet:<\/strong><br><a href=\"https:\/\/hajusteyliherkkyys.com\/wp-content\/uploads\/2024\/03\/Hajuste_ja_kemikaaliherkan_apuvalineet.pdf\" data-type=\"link\" data-id=\"https:\/\/hajusteyliherkkyys.com\/wp-content\/uploads\/2024\/03\/Hajuste_ja_kemikaaliherkan_apuvalineet.pdf\" target=\"_blank\" rel=\"noreferrer noopener\">Tietoa suojaimista 15.10.2018<\/a><\/p>\n\n\n\n<hr class=\"wp-block-separator has-alpha-channel-opacity\"\/>\n\n\n\n<p><strong>Monikemikaaliyliherkkyys-seminaari 2018 10.11.2018<\/strong><\/p>\n\n\n\n<p>Funktionaalisen l\u00e4\u00e4ketieteen yhdistys j\u00e4rjest\u00e4\u00e4 Kemikaaliyliherkkyysseminaarin lauantaina 10.11.2018 klo 9-17. Seminaari pidet\u00e4\u00e4n Sokos Hotel Vantaassa, Hertaksentie 2, Vantaa<br><a href=\"http:\/\/www.fms.fi\/\" target=\"_blank\" rel=\"noopener\">Seminaarin ohjelma<\/a><\/p>\n\n\n\n<hr class=\"wp-block-separator has-alpha-channel-opacity\"\/>\n\n\n\n<p><strong>Ulossuljettu Yle Radio 1:ss\u00e4 9.9.2018 klo 18<\/strong><\/p>\n\n\n\n<p>Toimittaja P\u00e4ivi Leinon tekem\u00e4 50-minuuttinen radiodokumentti Ulossuljettu l\u00e4hetet\u00e4\u00e4n Yle Radio 1:ss\u00e4 sunnuntaina 9.9. klo 18 ja uusintana torstaina 13.9. klo 22.05. Dokumentin voi kuunnella keskiviikosta 29.8. alkaen Yle Areenassa osoitteessa&nbsp;<a href=\"https:\/\/areena.yle.fi\/1-4486614\" target=\"_blank\" rel=\"noopener\">Ulossuljettu &#8211; home riisti Emilt\u00e4 arjen<\/a><\/p>\n\n\n\n<p>Dokumentti kertoo sis\u00e4ilmasta sairastuneen 30-vuotiaan elokuvaohjaajaopiskelijan tilanteesta ja siit\u00e4, miten h\u00e4n itse sen kokee. H\u00e4nen sairautensa on edennyt tuoksu- ja s\u00e4hk\u00f6yliherkkyyteen.<\/p>\n\n\n\n<p><a href=\"https:\/\/yle.fi\/aihe\/artikkeli\/2018\/09\/12\/home-ajoi-emin-metsaan-homeelle-altistuminen-voi-vieda-koko-elaman\" target=\"_blank\" rel=\"noopener\">Artikkeli Emin el\u00e4m\u00e4st\u00e4 yle.fi:ss\u00e4<\/a><\/p>\n\n\n\n<hr class=\"wp-block-separator has-alpha-channel-opacity\"\/>\n\n\n\n<p><strong>Sis\u00e4ilmaseminaari Turussa 23.-24.8.2018<\/strong><\/p>\n\n\n\n<p>Indoor Air Meeting: Old problems &#8211; New Solutions 23.-24.8.2018<br>Meeting venue Hotel Caribia Turku<\/p>\n\n\n\n<p>Kyseess\u00e4 on kaksip\u00e4iv\u00e4inen kansainv\u00e4linen kokous, jossa on puhujia mm. USA:sta, Ruotsista sek\u00e4 monista kotimaisista tutkijayhteis\u00f6ist\u00e4 ja yrityksist\u00e4. Kokouksen ty\u00f6kieli on englanti.<\/p>\n\n\n\n<p>Puhujia ovat mm. Ulla Haverinen-Schaughnessy, prof. Dan Norb\u00e4ck ja \u00e4skett\u00e4in Kiinan sis\u00e4ilmaongelmista v\u00e4itellyt Juan Wang Uppsalan yliopistosta, prof. Lennart Larsson Lundin yliopistosta sek\u00e4 useita kotimaisia asiantuntijoita Turun yliopistosta sek\u00e4 yrityksist\u00e4.<\/p>\n\n\n\n<p>Turun yliopistollisesta sairaalasta puheenvuoron k\u00e4ytt\u00e4\u00e4 keuhkosairauksien el Arja Viinanen ja aerobiologian yksik\u00f6st\u00e4 FM Anna-Mari Pessi.<\/p>\n\n\n\n<p>Ty\u00f6terveyslaitosta edustaa ty\u00f6l\u00e4\u00e4ketieteen el, dosentti Juha Liira.<\/p>\n\n\n\n<p>Valtioneuvostosta k\u00e4ytt\u00e4\u00e4 puheenvuoron Marika Paavilainen ja eduskunnasta on paikalla mm. kansanedustaja, eduskunnan ymp\u00e4rist\u00f6valiokunnan ja sis\u00e4ilmaryhm\u00e4n pj. Satu Hassi. Satakunta-hankkeeseen osallistuvat kunnat esitt\u00e4ytyv\u00e4t.<\/p>\n\n\n\n<p>Seminaarin ohjelma:<br><a href=\"http:\/\/www.utu.fi\/fi\/yksikot\/med\/yksikot\/tyoterveyshuolto\/satakunta-hanke\/Sivut\/Tapahtumakalenteri.aspx\" target=\"_blank\" rel=\"noopener\">Satakunta-hanke<\/a><\/p>\n\n\n\n<hr class=\"wp-block-separator has-alpha-channel-opacity\"\/>\n\n\n\n<p><a href=\"https:\/\/yle.fi\/uutiset\/3-10254105\" target=\"_blank\" rel=\"noopener\">Oulun tragedia vei yht\u00e4kki\u00e4 terveyden kymmenilt\u00e4 poliiseilta, my\u00f6s Timo M\u00e4lliselt\u00e4. Tapaus kiteytt\u00e4\u00e4 kaiken siit\u00e4, miksi sis\u00e4ilmaongelmia ei saada Suomessa kuriin<\/a><br>yle.fi 3.7.2018<\/p>\n\n\n\n<hr class=\"wp-block-separator has-alpha-channel-opacity\"\/>\n\n\n\n<p><strong>Tietosuoja-asetuksen mukainen ilmoitus<\/strong><\/p>\n\n\n\n<p>Olemme tallentaneet j\u00e4seneksi ilmoittautumisen yhteydess\u00e4 pyydetyt tietosi j\u00e4senrekisteriin. Tietoja ei luovuteta ulkopuolisille.<\/p>\n\n\n\n<p>Yhdistyksen johtokunnasta tietoja k\u00e4ytt\u00e4v\u00e4t puheenjohtaja, sihteeri, rahastonhoitaja ja j\u00e4senrekisterin yll\u00e4pit\u00e4j\u00e4. Tietoja k\u00e4ytet\u00e4\u00e4n j\u00e4senpostin toimittamiseen ja mahdollisiin suoriin yhteydenottoihin.<\/p>\n\n\n\n<p>Noudattaaksemme lains\u00e4\u00e4d\u00e4nt\u00f6\u00e4 tarvitsemme suostumuksesi siihen, ett\u00e4 voimme edelleen l\u00e4hett\u00e4\u00e4 sinulle tietoa toiminnastamme ja kutsuja tilaisuuksiimme, samoin kuten t\u00e4h\u00e4nkin asti.<\/p>\n\n\n\n<p>Mik\u00e4li hyv\u00e4ksyt t\u00e4m\u00e4n, sinun ei tarvitse tehd\u00e4 mit\u00e4\u00e4n.<br>Mik\u00e4li haluat poistua rekisterist\u00e4, ilmoita siit\u00e4 yhdistyksen puheenjohtajalle.<\/p>\n\n\n\n<p>Kari H\u00e4nnik\u00e4inen, puheenjohtaja<\/p>\n\n\n\n<hr class=\"wp-block-separator has-alpha-channel-opacity\"\/>\n\n\n\n<p><a href=\"http:\/\/www.kaleva.fi\/mielipide\/paakirjoitukset\/sisailmaoireita-ei-pida-vahatella\/792772\/#\" target=\"_blank\" rel=\"noopener\">Kalevan p\u00e4\u00e4kirjoitus 7.5.2018: Sis\u00e4ilmaoireita ei pid\u00e4 v\u00e4h\u00e4tell\u00e4<\/a><br>&#8221;Huonon sis\u00e4ilman vaikutuksia terveyteen ei viel\u00e4k\u00e4\u00e4n tunnuta ottavan tosissaan. L\u00e4\u00e4k\u00e4rit ja viranomaiset ovat erimielisi\u00e4 sairastumisten syist\u00e4.&#8221;<\/p>\n\n\n\n<p>Ty\u00f6terveyshuollon erikoisl\u00e4\u00e4k\u00e4ri Saija Hyv\u00f6sen ja infektiosairauksien dosentti Hannu Syrj\u00e4l\u00e4n haastattelu julkaistiin Kalevassa 1.5.2018.<\/p>\n\n\n\n<hr class=\"wp-block-separator has-alpha-channel-opacity\"\/>\n\n\n\n<p><a href=\"https:\/\/www.facebook.com\/ArjenKemikaalitUhkaTerveydelle\/\" target=\"_blank\" rel=\"noopener\">Arjen kemikaalit, uhka terveydelle &#8211; kohti ratkaisuja<\/a><br><em>Seminaari Laurea-ammattikorkeakoululla Hyvink\u00e4\u00e4n kampuksella 7.3.2018<\/em><br><a href=\"https:\/\/www.youtube.com\/watch?v=V3WjpRFLL88\/\" target=\"_blank\" rel=\"noopener\">Katso seminaarin esitykset!<\/a><br>Puhujina ovat mm. ymp\u00e4rist\u00f6l\u00e4\u00e4ketieteen professori Tuula Putus, mikrobiologian dosentti Tamara Tuuminen ja Terveet tilat 2018 -hankkeen hankejohtaja hallitusneuvos Marika Paavilainen.<\/p>\n\n\n\n<hr class=\"wp-block-separator has-alpha-channel-opacity\"\/>\n\n\n\n<p><a href=\"https:\/\/yle.fi\/uutiset\/3-10117857?origin=rss\" target=\"_blank\" rel=\"noopener\">Osa poliisin v\u00e4est\u00e4 ty\u00f6skentelee Jyv\u00e4skyl\u00e4n poliisiasemalla hengityssuojaimissa. 20 vuoden sis\u00e4ilmapiinalle ei n\u00e4y p\u00e4\u00e4t\u00f6st\u00e4<\/a><br>Astmaa, iho-oireita, nen\u00e4verenvuotoa ja hengityssuojaimiin pukeutuneita kollegoita.<br>Keski-Suomen poliisien yhdistyksen puheenjohtajalle Jussi Harjulalle sis\u00e4ilmaoireiden kirjo on k\u00e4ynyt 10 ty\u00f6ss\u00e4olovuoden aikana tutuksi.<br>Yle uutiset 19.3.2018<\/p>\n\n\n\n<hr class=\"wp-block-separator has-alpha-channel-opacity\"\/>\n\n\n\n<p><a href=\"https:\/\/www.ksml.fi\/mielipide\/mielipidekirjoitus\/En-pysty-en%C3%A4%C3%A4-menem%C3%A4%C3%A4n-entiseen-virkapaikkaani\/1122103\" target=\"_blank\" rel=\"noopener\">En pysty en\u00e4\u00e4 menem\u00e4\u00e4n entiseen virkapaikkaani<\/a><br>Mielipidekirjoitus: Toni Norppa, vanhempi konstaapeli<br>Keskisuomalainen 13.3.2018<\/p>\n\n\n\n<hr class=\"wp-block-separator has-alpha-channel-opacity\"\/>\n\n\n\n<p><a href=\"https:\/\/www.aamulehti.fi\/uutiset\/tampereen-poliisiaseman-tyontekija-avautuu-toistakymmenta-oireillut-ja-sairastunut-sisailmasta-rakennuksen-omistaja-kiistaa-vaitteet-200802066\" target=\"_blank\" rel=\"noopener\"><br>Tampereen poliisiaseman ty\u00f6ntekij\u00e4 arvioi, ett\u00e4 ty\u00f6ntekij\u00e4t j\u00e4tettiin altistumaan mikrobeille, koska v\u00e4ist\u00f6st\u00e4 ei haluttu maksaa. H\u00e4n sanoo, ett\u00e4 on mietitt\u00e4v\u00e4, onko t\u00e4ss\u00e4 rikottu ty\u00f6suojelulains\u00e4\u00e4d\u00e4nt\u00f6\u00e4.<\/a><br>Aamulehti 13.3.2018<\/p>\n\n\n\n<hr class=\"wp-block-separator has-alpha-channel-opacity\"\/>\n\n\n\n<p><a href=\"https:\/\/www.hs.fi\/tiede\/art-2000005569123.html?share=2f59a888a77ae1d9ab994430198f5ba8\/\" target=\"_blank\" rel=\"noopener\">Yll\u00e4tystulos: Kuluttajien k\u00e4ytt\u00e4m\u00e4t kemikaalit saastuttavat ilmaa jo yht\u00e4 pahasti kuin autot<\/a><br>Puhdistusaineet, deodorantit, maalit ja muut haihtuvat kemikaalit lis\u00e4\u00e4v\u00e4t vaarallisia pienhiukkasia ja ep\u00e4terveellist\u00e4 alailmakeh\u00e4n otsonia.<br>HS Tiede 16.2.2018<\/p>\n\n\n\n<hr class=\"wp-block-separator has-alpha-channel-opacity\"\/>\n\n\n\n<p><a href=\"http:\/\/content.opettaja.fi\/epaper\/20171201\/#\" target=\"_blank\" rel=\"noopener\">Hajusteettomuus avuksi sis\u00e4ilmaoireiluun<\/a><br><em>OAJ:n valtuutettu Ulla Kaukola on tehnyt aloitteen, ett\u00e4 Vantaa olisi tulevaisuudessa hajusteeton kunta.<\/em><br>Opettaja 21\/2017, sivu 26<\/p>\n\n\n\n<hr class=\"wp-block-separator has-alpha-channel-opacity\"\/>\n\n\n\n<p><a href=\"https:\/\/anna.fi\/hyvinvointi\/terveys\/monikemikaaliyliherkkyytta-sairastava-mari-vesala-raskainta-sairaudessani-se-etta-minut-leimataan-usein-hulluksi\" target=\"_blank\" rel=\"noopener\">Monikemikaaliyliherkkyytt\u00e4 sairastava Mari Vesala: Raskainta sairaudessani on se, ett\u00e4 minut leimataan usein hulluksi<\/a><br>Anna 27.11.2017<\/p>\n\n\n\n<hr class=\"wp-block-separator has-alpha-channel-opacity\"\/>\n\n\n\n<p><a href=\"https:\/\/www.facebook.com\/yksiniista\/\" target=\"_blank\" rel=\"noopener\">#yksiniist\u00e4-kampanja<\/a><br>Yhteiskunnan silmiss\u00e4 me sis\u00e4ilmasta sairastuneet olemme n\u00e4kym\u00e4tt\u00f6mi\u00e4, &#8221;niit\u00e4&#8221;, ulkopuolisia. #yksiniist\u00e4 on tapa n\u00e4ytt\u00e4\u00e4, ett\u00e4 heit\u00e4, joita ei muka ole olemassa, on oikeasti paljon.<\/p>\n\n\n\n<hr class=\"wp-block-separator has-alpha-channel-opacity\"\/>\n\n\n\n<p><a href=\"https:\/\/www.is.fi\/asuminen\/art-2000005433447.html\" target=\"_blank\" rel=\"noreferrer noopener\">Hometalo voi tiputtaa homeloukkuun &#8211; sairastuneet joutuneet turvautumaan diakonia- ja ruoka-apuun<\/a><br><em>K\u00f6yh\u00e4t, pakotetut, kyvytt\u00f6m\u00e4t ja toivottomat: Sis\u00e4ilmasta sairastuneiden kokemuksia taloudellisesta asemasta -tutkimusartikkeliin haastateltiin 30 sis\u00e4ilmaongelmista k\u00e4rsinytt\u00e4 suomalaista ymp\u00e4ri maan. Artikkeli kuuluu osana Hengitysliiton sosiaali- ja terveyspoliittisen asiantuntijan Sari M\u00e4en v\u00e4it\u00f6stutkimukseen, joka tehd\u00e4\u00e4n Helsingin yliopistolle.<\/em><br>Ilta-Sanomat 3.11.2017<\/p>\n\n\n\n<hr class=\"wp-block-separator has-alpha-channel-opacity\"\/>\n\n\n\n<p><a href=\"https:\/\/www.allergia.fi\/site\/assets\/files\/16484\/vaestotutkimus_tuoksuyliherkkyydesta_2017.pdf\" target=\"_blank\" rel=\"noopener\">V\u00e4est\u00f6tutkimus tuoksuherkkyydest\u00e4<\/a><br>Etel\u00e4-Karjalan Allergia- ja Ymp\u00e4rist\u00f6instituutin julkaisu, tekij\u00f6in\u00e4 Juha Jantunen, Sanna Virtanen ja Kimmo Saarinen<\/p>\n\n\n\n<hr class=\"wp-block-separator has-alpha-channel-opacity\"\/>\n\n\n\n<p><a href=\"https:\/\/yle.fi\/aihe\/artikkeli\/2017\/09\/10\/nakokulma-allergiat-ja-muut-sairaudet-paranevat-aivotreenilla-vaite-huuhaata\" target=\"_blank\" rel=\"noopener\">N\u00e4k\u00f6kulma: Allergiat ja muut sairaudet paranevat aivotreenill\u00e4? V\u00e4ite huuhaata<\/a><br>On julmaa v\u00e4itt\u00e4\u00e4 vaikeasta astmasta, allergiasta tai muusta vakavasta taudista k\u00e4rsiv\u00e4lle, ett\u00e4 positiivinen ajattelu parantaa, kirjoittaa Jukka H\u00e4kkinen blogissaan.<\/p>\n\n\n\n<hr class=\"wp-block-separator has-alpha-channel-opacity\"\/>\n\n\n\n<p><a href=\"https:\/\/www.sttinfo.fi\/tiedote\/mika-pilaa-sisailman-syyllisena-kosteus-homeet-vai-me-itse?publisherId=2723&amp;releaseId=63122453\" target=\"_blank\" rel=\"noreferrer noopener\">Helsingin yliopiston mikrobiologian emeritaprofessori Mirja Salkinoja-Salonen ravistelee vakiintuneita arvioita rakennusten terveyshaittojen syist\u00e4.<\/a><br>STT 8.9.2017<\/p>\n\n\n\n<hr class=\"wp-block-separator has-alpha-channel-opacity\"\/>\n\n\n\n<p><a href=\"http:\/\/www.mediuutiset.fi\/uutisarkisto\/kiinnostava-loyto-suomalaiset-paljastivat-lupaavan-mittarin-homesairaiden-tutkimiseen-6674835\" target=\"_blank\" rel=\"noopener\">Kiinnostava l\u00f6yt\u00f6: Suomalaiset paljastivat lupaavan mittarin homesairaiden tutkimiseen<\/a><br>Kosteus- ja homevaurioille altistuneiden kliinist\u00e4 tutkimista varten l\u00f6ytyi lupaava immunologisen vasteen mittari.<br>Mediuutiset 8.9.2017<\/p>\n\n\n\n<hr class=\"wp-block-separator has-alpha-channel-opacity\"\/>\n\n\n\n<p><strong>Sis\u00e4ilmakapina &#8211; Mielenilmaus terveen sis\u00e4ilman puolesta<\/strong><br>Vihaiset \u00e4idit pit\u00e4v\u00e4t &#8221;Sis\u00e4ilmakapina &#8211; Mielenilmaus terveen sis\u00e4ilman puolesta&#8221; -mielen-osoituksen Helsingin Narinkkatorilla 31.8.2017 klo 18.00 l\u00e4htien.<br>Lis\u00e4tietoja:&nbsp;<a href=\"https:\/\/www.facebook.com\/events\/128506324378951\/\" target=\"_blank\" rel=\"noopener\">https:\/\/www.facebook.com\/events\/128506324378951\/<\/a><\/p>\n\n\n\n<hr class=\"wp-block-separator has-alpha-channel-opacity\"\/>\n\n\n\n<p><a href=\"http:\/\/www.hs.fi\/paivanlehti\/17072017\/art-2000005293104.html?share=3ddd0dc4de0f2d728fc57dacdd4cf01d\" target=\"_blank\" rel=\"noreferrer noopener\">Hajusteiden k\u00e4ytt\u00f6\u00e4 pit\u00e4isi rajoittaa. Oikeus myrkytt\u00f6m\u00e4\u00e4n sis\u00e4ilmaan on t\u00e4rke\u00e4mpi kuin oikeus k\u00e4ytt\u00e4\u00e4 hajusteita.<\/a><br>Mielipide Helsingin Sanomissa 17.7.2017<\/p>\n\n\n\n<hr class=\"wp-block-separator has-alpha-channel-opacity\"\/>\n\n\n\n<p><a href=\"https:\/\/soundcloud.com\/user-117303132\/kaksikko-hajusteyliherkkyys?in=user-117303132\/sets\/kaksikko\" target=\"_blank\" rel=\"noreferrer noopener\">Kaksikko Hajusteyliherkkyys 08052017, Radio Finlandia<\/a><br>Kari H\u00e4nnik\u00e4inen kertoo hajuste- ja kemikaaliyliherkkyydest\u00e4 Radio Finlandian haastattelussa.<\/p>\n\n\n\n<hr class=\"wp-block-separator has-alpha-channel-opacity\"\/>\n\n\n\n<p><a href=\"https:\/\/yle.fi\/uutiset\/3-9669222?origin=rss\" target=\"_blank\" rel=\"noreferrer noopener\">Suomen ensimm\u00e4inen sis\u00e4ilmasairaiden kyl\u00e4 nousee Uudellemaalle &#8211; pelastaako terveysbr\u00e4nd\u00e4ys pikkukunnan elinvoimaisuuden? Yle 14.6.2017<\/a><br>Pukkilan Aronm\u00e4keen rakennetaan terveellisen asumisen alue, joka on tarkoitettu muun muassa kemikaaliyliherkkyydest\u00e4, homeoireista ja s\u00e4hk\u00f6yliherkkyydest\u00e4 k\u00e4rsiville. Terveyskyl\u00e4n toivotaan kasvattavan my\u00f6s pienen kunnan vetovoimaa.<\/p>\n\n\n\n<hr class=\"wp-block-separator has-alpha-channel-opacity\"\/>\n\n\n\n<p><a href=\"http:\/\/tiedonsilta.fi\/laakarin-hata-sairaan-puolesta\/\" target=\"_blank\" rel=\"noreferrer noopener\">L\u00e4\u00e4k\u00e4rin h\u00e4t\u00e4 sairaan puolesta, Tiedon silta 17.5.2017<\/a><br>Tuula Putus ravistelee p\u00e4\u00e4tt\u00e4ji\u00e4: siell\u00e4 miss\u00e4 hoidetaan heikoimpia ja haavoittuvimpia eli lapsia, sairaita ja vanhuksia, sis\u00e4ilma on niin huonoa, ett\u00e4 my\u00f6s terve aikuinen ty\u00f6ntekij\u00e4 sairastuu. Suomessa pit\u00e4isi kyet\u00e4 h\u00e4nen mukaansa eettiseen pohdintaan. Mik\u00e4 on oikein ja mik\u00e4 v\u00e4\u00e4rin? Rakennetaanko yhteiskuntaa vain terveille ja vahvoille?<\/p>\n\n\n\n<hr class=\"wp-block-separator has-alpha-channel-opacity\"\/>\n\n\n\n<p><a href=\"http:\/\/www.satuhassi.fi\/2017\/eduskunnassa-perustettiin-kansanedustajien-sis%C3%A4ilmaryhm%C3%A4\" target=\"_blank\" rel=\"noreferrer noopener\">Eduskunnassa perustettiin kansanedustajien sis\u00e4ilmaryhm\u00e4 (4.5.2017)<\/a><br>Sis\u00e4ilmaryhm\u00e4n puheenjohtajaksi valittiin Satu Hassi (VIHR), varapuheenjohtajaksi Eeva-Johanna Eloranta (SD) ja johtokunnan muiksi j\u00e4seniksi Anders Adlercreutz (RKP), Susanna Huovinen (SD), Silvia Modig (Vas), Veera Ruoho (PS), Saara-Sofia Siren (KOK), Sari Tanus (KD) ja Antero Vartia (VIHR). Johtokuntaa pyrit\u00e4\u00e4n t\u00e4ydent\u00e4m\u00e4\u00e4n siten, ett\u00e4 kaikki eduskuntaryhm\u00e4t ovat edustettuina.<\/p>\n\n\n\n<p>Katso my\u00f6s:&nbsp;<a href=\"https:\/\/demokraatti.fi\/eduskunnassa-perustettiin-sisailmatyoryhma-eloranta-tarvisemme-oman-tautiluokituksen-homesairaille\" target=\"_blank\" rel=\"noreferrer noopener\">Eduskunnassa perustettiin sis\u00e4ilmaty\u00f6ryhm\u00e4. Eloranta: Tarvitsemme oman tautiluokituksen homesairaille, Demokraatti 4.5.2017<\/a><\/p>\n\n\n\n<hr class=\"wp-block-separator has-alpha-channel-opacity\"\/>\n\n\n\n<p><a href=\"http:\/\/m.iltalehti.fi\/terveys\/201703102200082490_tr.shtml\" target=\"_blank\" rel=\"noreferrer noopener\">Homesairaat heitteill\u00e4 &#8211; professori: Sosiaaliturvan ulkopuolelle j\u00e4\u00e4vi\u00e4 potilaita valtava m\u00e4\u00e4r\u00e4, Iltalehti 10.3.2017<\/a><br>Home- ja kosteusvauriosairaudet ovat kasvava ongelma Suomessa. &#8211; Ty\u00f6kyvytt\u00f6mi\u00e4 on yh\u00e4 enemm\u00e4n t\u00e4ll\u00e4 oirekuvalla, mutta yleens\u00e4 he joutuvat el\u00e4kkeelle diagnoosilla depressio, sanoo professori Ville Valtonen.<\/p>\n\n\n\n<hr class=\"wp-block-separator has-alpha-channel-opacity\"\/>\n\n\n\n<p><a href=\"http:\/\/www.youtube.com\/channel\/UCrG0oxRVPiAZLbkcv6ytYSA\" target=\"_blank\" rel=\"noreferrer noopener\">Arjen kemikaalit, uhka terveydelle<\/a><br><em>8.3.2017 pidetyn seminaarin esitykset katsottavissa &#8211; puhujina mm. Ville Valtonen ja Mirja Salkinoja-Salonen<\/em><\/p>\n\n\n\n<hr class=\"wp-block-separator has-alpha-channel-opacity\"\/>\n\n\n\n<p><a href=\"http:\/\/m.iltalehti.fi\/asuminen\/201703102200083655_an.shtml\" target=\"_blank\" rel=\"noreferrer noopener\">Asiantuntija ruotii ekopesuaineita: Kehtaavatkin nimitt\u00e4\u00e4 t\u00e4t\u00e4 ekoksi! Iltalehti 12.3.2017<\/a><br><em>&#8221;Ekotuotteina pidetyt astianpesuaineet voivat sis\u00e4lt\u00e4\u00e4 herkist\u00e4vi\u00e4 ja ymp\u00e4rist\u00f6lle vaarallisia aineita. Mikrobiologi, emeritaprofessori Mirja Salkinoja-Salonen ei sanojaan s\u00e4\u00e4stele, kun h\u00e4n k\u00e4y l\u00e4pi tavallisesta marketista l\u00f6ytyvi\u00e4 ekologisia astianpesuaineita.&#8221;<\/em><\/p>\n\n\n\n<hr class=\"wp-block-separator has-alpha-channel-opacity\"\/>\n\n\n\n<p><a href=\"http:\/\/www.hs.fi\/kaupunki\/art-2000005097579.html\" target=\"_blank\" rel=\"noreferrer noopener\">Perusterveest\u00e4 Kaisa Tolosesta, 52, tuli sairas ty\u00f6t\u00f6n kuudessa vuodessa: \u201dTulevaisuuteni j\u00e4i Mikkolan kouluun\u201d. HS 22.2.2017<\/a><br><em>&#8221;Tolosen sairaskertomus ei ole mitenk\u00e4\u00e4n ainutlaatuinen. Jopa Mikkolan koulun opettajakunnassa on hyvin samanlaisia kohtaloita, mutta vain yksi opettaja on kertonut tilanteestaan julkisuudessa omalla nimell\u00e4\u00e4n. HS:n anonyymisti haastattelemien opettajien puheessa toistuu huoli siit\u00e4, mit\u00e4 omalle ty\u00f6suhteelle voi tapahtua.&#8221;<\/em><\/p>\n\n\n\n<hr class=\"wp-block-separator has-alpha-channel-opacity\"\/>\n\n\n\n<p><a href=\"http:\/\/www.hs.fi\/kaupunki\/art-2000005097066.html\" target=\"_blank\" rel=\"noreferrer noopener\">Mullistava tutkimustulos helsinkil\u00e4iskouluissa: homevaurioiden ja myrkkyjen yhteys opettajien oireiluun todistettiin, HS 21.2.2017<\/a><br><em>&#8221;Helsingin yliopiston laajassa tutkimuksessa on ensimm\u00e4ist\u00e4 kertaa pystytty osoittamaan opettajan oireiden ja luokkahuoneen sis\u00e4ilman myrkyllisyyden eli toksisuuden v\u00e4linen yhteys &#8230; Opettajat ovat kertoneet, miten opetustilanteessa heid\u00e4t valtaa valtava v\u00e4symys. Se ik\u00e4\u00e4n kuin humahtaa p\u00e4\u00e4lle. Oirekuvaus vastaa sit\u00e4, ett\u00e4 punasolut eiv\u00e4t hetkellisesti kuljeta happea &#8211; Salkinoja-Salonen sanoo.&#8221;<\/em><\/p>\n\n\n\n<hr class=\"wp-block-separator has-alpha-channel-opacity\"\/>\n\n\n\n<p><a href=\"http:\/\/www.iltalehti.fi\/asuminen\/201702172200072443_an.shtml\" target=\"_blank\" rel=\"noreferrer noopener\">Skanska kehottaa v\u00e4ltt\u00e4m\u00e4\u00e4n muovimattojen k\u00e4ytt\u00f6\u00e4 &#8211; laaja tutkimus etsii nyt syit\u00e4 sis\u00e4ilmaongelmiin, Iltalehti 17.2.2017<\/a><br><em>&#8221;Rakennusteollisuus on k\u00e4ynnist\u00e4nyt vuoden 2017 alusta tutkimushankkeen, sill\u00e4 lattiapinnoitteiden aiheuttamista sis\u00e4ilmaongelmista ei ole p\u00e4\u00e4sty eroon.&#8221;<\/em><\/p>\n\n\n\n<hr class=\"wp-block-separator has-alpha-channel-opacity\"\/>\n\n\n\n<p><a href=\"https:\/\/www.laurea.fi\/tapahtumat\/Sivut\/Arjen-kemikaalit-uhka-terveydelle%E2%80%93seminaari.aspx\" target=\"_blank\" rel=\"noreferrer noopener\">Arjen kemikaalit, uhka terveydelle seminaari 8.3.2017 \u2013 8.3.2017<\/a><br>Terve Sis\u00e4ilma ry j\u00e4rjest\u00e4\u00e4 yhdess\u00e4 Laurea-ammattikorkeakoulun kanssa &#8221;Arjen kemikaalit, uhka terveydelle -seminaari 2017&#8221; Hyvink\u00e4\u00e4n Laurea-ammattikorkeakoulussa 8.maaliskuuta 2017. Seminaaria on mahdollisuus seurata my\u00f6s streamin v\u00e4lityksell\u00e4!<\/p>\n\n\n\n<hr class=\"wp-block-separator has-alpha-channel-opacity\"\/>\n\n\n\n<p><a href=\"http:\/\/www.hs.fi\/paivanlehti\/02022017\/art-2000005070215.html\" target=\"_blank\" rel=\"noreferrer noopener\">Ottakaa huomioon meid\u00e4t hajusteallergiset, HS 2.2.2017<\/a><br>\u2013&nbsp;On ihmisi\u00e4, joiden el\u00e4m\u00e4\u00e4 hajut ja tuoksut rajoittavat voimakkaasti, kirjoittaa l\u00e4\u00e4k\u00e4ri Kirsi Waahtera Helsingin Sanomien mielipiteess\u00e4.<\/p>\n\n\n\n<hr class=\"wp-block-separator has-alpha-channel-opacity\"\/>\n\n\n\n<p><a href=\"http:\/\/www.koneensaatio.fi\/hanke\/poimintoja-terveydesta-sairaudesta-muuttuneessa-maailmassa\" target=\"_blank\" rel=\"noreferrer noopener\">Poimintoja terveydest\u00e4 ja sairaudesta muuttuneessa maailmassa<\/a><br>Katja Pulkkinen on haastatellut ymp\u00e4rist\u00f6yliherkkyysasiantuntijoita ja koonnut haastattelut Koneen s\u00e4\u00e4ti\u00f6n sivuille. Tutkijat kertovat mm. yliherkkien verikokeista mitatuista normaaleista poikkeavista arvoista. N\u00e4it\u00e4 ovat mm. merkit yliherk\u00e4n elimist\u00f6n voimakkaasta hapetustilasta sek\u00e4 muutokset myrkynpoiston (vierasainemetabolian) reitti\u00e4 ja nopeutta s\u00e4\u00e4televien entsyymien aktiivisuuksissa. Sivustolla my\u00f6s muutama l\u00e4\u00e4k\u00e4ri kertoo, miten he hoitavat yliherkki\u00e4 potilaita.<\/p>\n\n\n\n<hr class=\"wp-block-separator has-alpha-channel-opacity\"\/>\n\n\n\n<p><a href=\"http:\/\/seura.fi\/puheenaihe\/ajankohtaista\/onko-homesairas-vakuutuslaakarin-mukaan-sairas-vai-ei\/\" target=\"_blank\" rel=\"noreferrer noopener\">Haastemies sairastui &#8211; vakuutusl\u00e4\u00e4k\u00e4ri Kirsi Karvala ev\u00e4si ammattitaudin<\/a><br>Seura-lehti nro 48, 1.12.2016<br><em>&#8221;Pahimmillaan konttorin sein\u00e4t olivat pullistelleet, kun rakenteiden sis\u00e4ll\u00e4 oli vesipusseja. Arkistoon oli pit\u00e4nyt menn\u00e4 kumisaappaat jalassa.&#8221;<br>&#8230; &#8221;Ty\u00f6l\u00e4\u00e4ketieteen professori Tuula Putus on edelleen sit\u00e4 mielt\u00e4, ett\u00e4 Erkki Tuomen ty\u00f6kyvytt\u00f6myys aiheutui ammattitaudista. Putus kritisoi vahvasti tapaa, jolla homesairaita k\u00e4sitell\u00e4\u00e4n Suomessa.&#8221;<br>&#8230; &#8221;Erkki Tuomen tarina noudattaa tuttua kaavaa. Potilaiden \u2013 ja monen muun \u2013 oikeustajua koettelee, ett\u00e4 vakuutusl\u00e4\u00e4k\u00e4ri voi hyl\u00e4t\u00e4 selv\u00e4t oireet ja asiantuntijalausunnot potilasta n\u00e4kem\u00e4tt\u00e4. Kaiken kukkuraksi vakuutusl\u00e4\u00e4k\u00e4ri toimii erilaisilla eettisill\u00e4 pelis\u00e4\u00e4nn\u00f6ill\u00e4 kuin muut terveydenhuollon ammattilaiset.&#8221;<br>&#8230; &#8221;Verotietojen mukaan lis\u00e4ty\u00f6 vakuutusl\u00e4\u00e4k\u00e4rin\u00e4 on kannattavaa. Viime vuonna Karvalan ansiotulot olivat 124 000 euroa &#8211; saman verran kuin Ty\u00f6terveyslaitoksen (TTL) p\u00e4\u00e4johtaja Antti Koivulalla.&#8221;<\/em><\/p>\n\n\n\n<hr class=\"wp-block-separator has-alpha-channel-opacity\"\/>\n\n\n\n<p><a href=\"https:\/\/www.youtube.com\/watch?v=jzps0lYDE5Q\" target=\"_blank\" rel=\"noreferrer noopener\">Sis\u00e4ilmaongelmat terveydenhuollon toimipisteiss\u00e4<\/a><br>18.11.2016<br>Tehy: Tutkittua tietoa sairaaloiden ja muiden hoitolaitosten olosuhteista ja terveysongelmista. Luennoitsija: ty\u00f6terveyshuollon ja ymp\u00e4rist\u00f6l\u00e4\u00e4ketieteen&nbsp;<strong>professori Tuula Putus, Turun yliopisto<\/strong>. Tehyn sis\u00e4ilmaseminaari 14.11.2016.<br><br>http:\/\/www.hajusteyliherkkyys.com\/ajankohtaista_tiedostot\/jzps0lYDE5Q.html<br><br>Katso my\u00f6s:&nbsp;<a href=\"https:\/\/www.tehy.fi\/sisailmaseminaari\" target=\"_blank\" rel=\"noreferrer noopener\">Tehy vaatii ty\u00f6nantajia ottamaan sis\u00e4ilmaongelmat vakavasti<\/a><\/p>\n\n\n\n<hr class=\"wp-block-separator has-alpha-channel-opacity\"\/>\n\n\n\n<p><a href=\"http:\/\/www.hengitysliitto.fi\/fi\/uutiset\/mahdollisuus-koenukkua-asunto-auttaisi-sisailmasta-sairastuneita-kodittomia\" target=\"_blank\" rel=\"noreferrer noopener\">Mahdollisuus koenukkua asunto auttaisi sis\u00e4ilmasta sairastuneita kodittomia<\/a><br>17.10.2016<br><em>&#8221;Hengitysliitto muistuttaa Asunnottomien y\u00f6n alla, ett\u00e4 asunnottomuuden taustalla voi olla my\u00f6s sis\u00e4ilmasta sairastuminen. Monet sairastuneet asuvat v\u00e4liaikaisesti sukulaisten tai yst\u00e4vien luona ja nukkuvat jopa parvekkeilla.<\/em><\/p>\n\n\n\n<hr class=\"wp-block-separator has-alpha-channel-opacity\"\/>\n\n\n\n<p><a href=\"https:\/\/www.facebook.com\/jarmo.karonen\/posts\/10211044788574483\" target=\"_blank\" rel=\"noreferrer noopener\">Satakunnan kansa 17.10.2016: Anu ei voi menn\u00e4 ulos \u2013 koti on paratiisi ja vankila samaan aikaan<\/a><br><em>&#8221;Anu Marttilan, 35, on vaikea poistua talostaan, koska h\u00e4n saa ulkoilmasta pahoja oireita. Syksy on pahaa aikaa, koska luonto on t\u00e4ynn\u00e4 m\u00e4t\u00e4nevi\u00e4 organismeja ja homekasvustoja. Marttila altistui kosteus- ja homevauriolle vuokra-asunnossa reilu kymmenen vuotta sitten. Siit\u00e4 alkoi yh\u00e4 paheneva sairastelukierre ja vuosikausia kest\u00e4nyt uuden asunnon etsint\u00e4.&#8221;<\/em><\/p>\n\n\n\n<hr class=\"wp-block-separator has-alpha-channel-opacity\"\/>\n\n\n\n<p><a href=\"http:\/\/www.hs.fi\/paivanlehti\/03102016\/a1475373911205\" target=\"_blank\" rel=\"noreferrer noopener\">HS mielipide 3.10.2016: Hus on ollut edell\u00e4k\u00e4vij\u00e4 hometalosairauden tunnistajana<\/a><br>Anestesiologian erikoisl\u00e4\u00e4k\u00e4ri Sari Sahanne:&nbsp;<em>&#8221;K\u00e4yp\u00e4 hoito -suositus ohjaa seuraavat vuodet l\u00e4\u00e4k\u00e4rikunnan toimintaa sis\u00e4ilmasairastuneiden ja oireilevien potilaiden hoidossa. Hometalosairauden kielt\u00e4minen n\u00e4inkin t\u00e4rke\u00e4ss\u00e4 suosituksessa on siten suorastaan p\u00f6yristytt\u00e4v\u00e4\u00e4 ja ennenkuulumatonta.&#8221;<\/em><\/p>\n\n\n\n<hr class=\"wp-block-separator has-alpha-channel-opacity\"\/>\n\n\n\n<p><a href=\"http:\/\/www.iltalehti.fi\/terveys\/2016090722276316_tr.shtml\" target=\"_blank\" rel=\"noreferrer noopener\">Iltalehti 17.9.2016: Yliherkkyys muutti Veeran, 26, koko el\u00e4m\u00e4n:&nbsp;<em>&#8221;Ihmettelin, miksi olen niin uupunut&#8221;<\/em><\/a><br><em>&#8221;Homekoulu, m\u00e4\u00e4rittelem\u00e4t\u00f6n astma, allergiat ja krooninen poskiontelotulehdus v\u00e4rittiv\u00e4t Veera Kongan, 26, lapsuusvuodet Vantaalla. Pient\u00e4 koululaista tutkittiin l\u00e4\u00e4k\u00e4riss\u00e4 useampaan otteeseen, mutta tiuhaan sairasteluun ei l\u00f6ytynyt mink\u00e4\u00e4nlaista syyt\u00e4. Kun Konga aloitti yl\u00e4asteen, h\u00e4n oli kipe\u00e4n\u00e4 entist\u00e4 useammin &#8230; &#8221;<\/em><\/p>\n\n\n\n<hr class=\"wp-block-separator has-alpha-channel-opacity\"\/>\n\n\n\n<p><a href=\"http:\/\/www.studio55.fi\/tositarina\/article\/marin-elama-romahti-home-ja-kemikaalisairauksien-takia-outoja-oireita-vaitettiin-kuvitelluiksi\/6059122\" target=\"_blank\" rel=\"noreferrer noopener\">Studio55: Marin el\u00e4m\u00e4 romahti home- ja kemikaalisairauksien takia \u2013 outoja oireita v\u00e4itettiin kuvitelluiksi (6.9.2016)<\/a><br><em>&#8221;Toimittajana ja muusikkona tunnetulla Mari Vesalalla diagnosoitiin homesairaus ja monikemikaaliyliherkkyys viime helmikuussa parin vuosikymmenen sairastelun j\u00e4lkeen. H\u00e4n on menett\u00e4nyt kotinsa, sosiaalisen el\u00e4m\u00e4ns\u00e4 ja ty\u00f6kykyns\u00e4. Nyt h\u00e4n toivoo el\u00e4m\u00e4lt\u00e4 perusasioita: ett\u00e4 ensi talvena ei tarvitsisi asua teltassa ja ett\u00e4 joku p\u00e4iv\u00e4 pystyisi vapaasti halaamaan rakkaitaan.&#8221;<\/em><\/p>\n\n\n\n<hr class=\"wp-block-separator has-alpha-channel-opacity\"\/>\n\n\n\n<p><a href=\"https:\/\/www.facebook.com\/vihaisetaidit\/\" target=\"_blank\" rel=\"noopener\">Vihaiset \u00e4idit pitiv\u00e4t mielenosoituksen sis\u00e4ilman ja lasten oikeuksien puolesta<\/a><br>6.9.2016 ryhm\u00e4 \u00e4itej\u00e4 ja muita henkil\u00f6it\u00e4 kokoontui pit\u00e4m\u00e4\u00e4n mielenosoitusta Kansalaistorilla Helsingiss\u00e4. Mukana oli my\u00f6s l\u00e4\u00e4ketieteen asiantuntijoita, sek\u00e4 eri j\u00e4rjest\u00f6jen edustajia. Aiheesta lis\u00e4\u00e4 mm.&nbsp;<strong>MTV:n uutisissa<\/strong>:&nbsp;<a href=\"http:\/\/www.mtv.fi\/uutiset\/kotimaa\/artikkeli\/vihaisille-aideille-tuli-mitta-tayteen-koulujen-homeongelmista-ei-saa-tietoa-ja-vanhempia-syyllistetaan\/6061826\" target=\"_blank\" rel=\"noreferrer noopener\">Vihaisille \u00e4ideille tuli mitta t\u00e4yteen&#8230;<\/a><\/p>\n\n\n\n<p>Mielenosoituksessa pidetyt puheet l\u00f6ytyv\u00e4t linkist\u00e4:<br><a href=\"http:\/\/www.marianordin.fi\/Mielenosoitus?parent=Mielenosoitus\" target=\"_blank\" rel=\"noreferrer noopener\">http:\/\/www.marianordin.fi\/Mielenosoitus?parent=Mielenosoitus<\/a><\/p>\n\n\n\n<p><em>&#8221;Lapsemme k\u00e4rsiv\u00e4t sairaasta sis\u00e4ilmasta niin p\u00e4iv\u00e4kodeissa, kouluissa kuin varusmiespalveluk-<br>sessakin. On j\u00e4rkytt\u00e4v\u00e4\u00e4, ettei kukaan edes tied\u00e4 kuinka monta sis\u00e4ilmasta sairastunutta lasta Suomessa on! Kyse ei ole vain yksitt\u00e4istapauksista. Sairastuneiden joukko kasvaa jatkuvasti.&#8221;<\/em><\/p>\n\n\n\n<p>Mielenosoituksen j\u00e4rjest\u00e4j\u00e4&nbsp;<a href=\"https:\/\/www.facebook.com\/vihaisetaidit\/\" target=\"_blank\" rel=\"noopener\">Vihaiset \u00e4idit<\/a>&nbsp;on ryhm\u00e4 naisia, jotka haluavat ajaa sis\u00e4ilmaongelmien vuoksi sairastuneiden lasten ja nuorten asiaa.<\/p>\n\n\n\n<figure class=\"wp-block-table\"><table><tbody><tr><td>Katso&nbsp;my\u00f6s:<\/td><td>\u2022&nbsp;<a href=\"http:\/\/vihaisetaidit.blogspot.fi\/\" target=\"_blank\" rel=\"noopener\">Vihaisten \u00e4itien blogi<\/a><br>\u2022&nbsp;<a href=\"http:\/\/www.vanhempainliitto.fi\/ajankohtaista\/blogivieraat\/64\/miten_suoritin_peruskoulun_sisailmasairaanaa\" target=\"_blank\" rel=\"noopener\">Vanhempainliitto: Miten suoritin peruskoulun sis\u00e4ilmasairaana?<\/a><br>\u2022&nbsp;<a href=\"http:\/\/homepakolaiset.fi\/ratkaisuja-sisailmasairaille\/opiskelu\/tapausesimerkkeja\/yla-asteella\" target=\"_blank\" rel=\"noopener\">Homepakolaiset\/Lauriina Tola: Kauaskantoiset sis\u00e4ilmaongelmat<\/a><\/td><\/tr><\/tbody><\/table><\/figure>\n\n\n\n<p><a><\/a><\/p>\n\n\n\n<hr class=\"wp-block-separator has-alpha-channel-opacity\"\/>\n\n\n\n<p><a href=\"https:\/\/www.youtube.com\/channel\/UCRPEaLgw1M2bJSiXCiD-qNw\" target=\"_blank\" rel=\"noreferrer noopener\"><strong>MCS-luento Turussa 10.9.2016<\/strong><\/a><\/p>\n\n\n\n<figure class=\"wp-block-table\"><table><tbody><tr><td><a href=\"https:\/\/www.youtube.com\/channel\/UCRPEaLgw1M2bJSiXCiD-qNw\" target=\"_blank\" rel=\"noreferrer noopener\"><\/a><\/td><td>L\u00e4\u00e4ketieteen professori Ville Valtonen ja mcs-potilas P\u00e4ivi Siren luennoivat sis\u00e4ilman aiheuttamasta sairastumisesta ja monikemikaaliyliherkkyydest\u00e4.<\/td><\/tr><\/tbody><\/table><\/figure>\n\n\n\n<hr class=\"wp-block-separator has-alpha-channel-opacity\"\/>\n\n\n\n<p><a><\/a><strong>Saunatutkimuksen toinen vaihe on nyt meneill\u00e4\u00e4n<\/strong><br>Viime vuonna Aalto-yliopiston kyselytutkimukseen vastanneista 31 % sai apua kemikaaliyliherkkyysoireiluunsa saunomisesta ja 28 % hikoiluun johtavasta liikunnasta.<br><strong>Nyt etsit\u00e4\u00e4n vapaaehtoisia kemikaaliyliherkki\u00e4 tutkimuksen toiseen vaiheeseen<\/strong>. Tarjolla on kolme ryhm\u00e4\u00e4. Ryhm\u00e4n saa valita itse. Ryhm\u00e4t ovat:<\/p>\n\n\n\n<ol class=\"wp-block-list\">\n<li>Saunojaryhm\u00e4. Saunojakoehenkil\u00f6t saunovat v\u00e4hint\u00e4\u00e4n 15 minuuttia v\u00e4hint\u00e4\u00e4n kaksi kertaa viikossa.<\/li>\n\n\n\n<li>Hikiliikkujaryhm\u00e4. T\u00e4m\u00e4n ryhm\u00e4n yliherk\u00e4t harrastavat mit\u00e4 tahansa merkitt\u00e4v\u00e4\u00e4n hikoiluun johtavaa liikuntaa v\u00e4hint\u00e4\u00e4n kaksi kertaa viikossa v\u00e4hint\u00e4\u00e4n puoli tuntia kerrallaan.<\/li>\n\n\n\n<li>Kontrolliryhm\u00e4. Ryhm\u00e4l\u00e4inen ei sauno ollenkaan tai ei ainakaan sauno yli 15 minuuttia useammin kuin kerran viikossa eik\u00e4 harrasta runsaaseen hikoiluun johtavaa liikuntaa v\u00e4hint\u00e4\u00e4n puolta tuntia useammin kuin kerran viikossa. Muuten h\u00e4n saa liikkua normaalisti.<\/li>\n<\/ol>\n\n\n\n<p>Tutkimuksen kesto on 3 \u2013 8 viikkoa. Tarkan kestoajan saa valita itse. Tutkimuksen aluksi ja aikana tulee t\u00e4ytt\u00e4\u00e4 netiss\u00e4 anonyymisti kerran viikossa kyselykaavake, jossa kysell\u00e4\u00e4n oireiluista. Tutkimukseen p\u00e4\u00e4see mukaan tai siit\u00e4 saa lis\u00e4tietoa laittamalla s\u00e4hk\u00f6postia osoitteeseen:&nbsp;<strong>saunatutkimus@gmail.com<\/strong><\/p>\n\n\n\n<hr class=\"wp-block-separator has-alpha-channel-opacity\"\/>\n\n\n\n<p><a><\/a><a href=\"http:\/\/www.hs.fi\/mielipide\/a1466218472154\" target=\"_blank\" rel=\"noopener\">Kemikaalit voivat sairastuttaa pysyv\u00e4sti, HS mielipide 19.6.2016<\/a><br>Harmittomien ja turvallisten kemikaalien olemassaolon kyseenalaistaminen ei ole turhaa hysterisointia, kirjoittaa opettaja Milla Laatikainen Helsingin Sanomien mielipiteess\u00e4 19.6.2016.<\/p>\n\n\n\n<hr class=\"wp-block-separator has-alpha-channel-opacity\"\/>\n\n\n\n<p><a><\/a><a href=\"http:\/\/areena.yle.fi\/1-3142465\" target=\"_blank\" rel=\"noopener\">YLE:n Inhimillinen tekij\u00e4: El\u00e4m\u00e4\u00e4 monikemikaaliyliherkkyyden kanssa<\/a><br>Ylen Inhimillinen tekij\u00e4 haastatteli P\u00e4ivi Sireni\u00e4 ja Kari H\u00e4nnik\u00e4ist\u00e4 monikemikaaliyliherkkyydest\u00e4 4.5.2016. Ohjelmasta uutisoi my\u00f6s Iltalehti:<br><a href=\"http:\/\/www.iltalehti.fi\/viihde\/2016050421477911_vi.shtml\" target=\"_blank\" rel=\"noopener\">http:\/\/www.iltalehti.fi\/viihde\/2016050421477911_vi.shtml<\/a><\/p>\n\n\n\n<hr class=\"wp-block-separator has-alpha-channel-opacity\"\/>\n\n\n\n<p><a><\/a><a href=\"https:\/\/www.finavia.fi\/fi\/helsinkivantaa\/terminaalit\/tuoksu-yliherkat\/\" target=\"_blank\" rel=\"noopener\">Finavia huomioi tuoksuherk\u00e4t matkustajat<\/a><\/p>\n\n\n\n<figure class=\"wp-block-image\"><img decoding=\"async\" src=\"http:\/\/www.hajusteyliherkkyys.com\/ajankohtaista_tiedostot\/lentokone.png\" alt=\"\"\/><\/figure>\n\n\n\n<p>&#8221;Jos olet tuoksuyliherkk\u00e4 ja l\u00e4hd\u00f6ss\u00e4 matkalle terminaali 2:sta, suosittelemme kulkemaan terminaalin p\u00e4\u00e4dyss\u00e4 olevan turvatarkastus 240\u2013271:n kautta. N\u00e4in v\u00e4ltyt kulkemasta ison tax free -kaupan l\u00e4pi ja p\u00e4\u00e4dyt suoraan terminaalin odotustiloihin portin 29 luokse, josta on lyhyt matka kaikille l\u00e4ht\u00f6porteille.&#8221;<\/p>\n\n\n\n<hr class=\"wp-block-separator has-alpha-channel-opacity\"\/>\n\n\n\n<p><a href=\"http:\/\/www.ncbi.nlm.nih.gov\/pubmed\/26832623\" target=\"_blank\" rel=\"noreferrer noopener\">Mcs-potilaista on l\u00f6ytynyt fyysisi\u00e4 muutoksia verrattuna terveisiin<\/a><br>Katoh et al. 2016 on havainnut metabolomiikan avulla, ett\u00e4 mcs-potilaiden elimist\u00f6ss\u00e4 on heksaanihapon eli kapronihapon ja pelargonihapon tasot merkitt\u00e4v\u00e4sti normaalia suuremmat ja asetyylikarnitiinin tasot selv\u00e4sti alempana kuin terveill\u00e4.<\/p>\n\n\n\n<hr class=\"wp-block-separator has-alpha-channel-opacity\"\/>\n\n\n\n<p><a><\/a><a href=\"https:\/\/www.youtube.com\/watch?v=BHeu1nMNThs&amp;list=PLfZM3ra26cJh17S7D-BNQupYg1EOREsDt\" target=\"_blank\" rel=\"noopener\">Mycotoxicosis<\/a><br>Suomalaiset home- ja kosteusvaurioista sairastuneet haastateltavina Haidi Motolan ohjelmassa Mycotoxicosis.<\/p>\n\n\n\n<hr class=\"wp-block-separator has-alpha-channel-opacity\"\/>\n\n\n\n<p><a><\/a><a href=\"http:\/\/www.ts.fi\/mielipiteet\/lukijoilta\/841178\/Vammojen+huomioiminen+ei+ole+aina+helppoa\" target=\"_blank\" rel=\"noreferrer noopener\">Vammojen huomioiminen ei ole aina helppoa<\/a><br>Irmeli Suurip\u00e4\u00e4 kirjoittaa Turun Sanomissa 21.1.2016 mm. ett\u00e4 kunpa oppisimme kunnioittamaan jokaista vammastaan huolimatta.<\/p>\n\n\n\n<hr class=\"wp-block-separator has-alpha-channel-opacity\"\/>\n\n\n\n<p><a><\/a><a href=\"http:\/\/intoleranse.no\/wp-content\/uploads\/2015\/11\/Pressemelding-kjemisk-milj%C3%B8intoleranse1.pdf\" target=\"_blank\" rel=\"noreferrer noopener\">Norjan terveysministeri\u00f6 suosittaa k\u00e4ytt\u00e4m\u00e4\u00e4n diagnoosikoodia T78.4<\/a><br>Norjan terveysministeri\u00f6 suosittaa syksyst\u00e4 2015 l\u00e4htien l\u00e4\u00e4k\u00e4reit\u00e4 k\u00e4ytt\u00e4m\u00e4\u00e4n kemikaaliyliherkille diagnoosikoodia&nbsp;<a href=\"http:\/\/icdlist.com\/icd-10\/T78.4\" target=\"_Blank\" rel=\"noreferrer noopener\">T78.4<\/a>, joka on k\u00e4yt\u00f6ss\u00e4 my\u00f6s&nbsp;<strong>Saksassa, It\u00e4vallassa, Luxenburgissa ja Espanjanssa<\/strong>.<br>L\u00e4hde: Norjan yhdistyksen lehdist\u00f6tiedote: Pressemelding Forbund for Kjemisk Milj\u00f8intoleranse (FKMI)<\/p>\n\n\n\n<hr class=\"wp-block-separator has-alpha-channel-opacity\"\/>\n\n\n\n<p>Tilanteita ja kokemuksia tuoksu- ja kemikaaliyliherk\u00e4n el\u00e4m\u00e4ss\u00e4 &#8211; kyselytutkimuksen tulokset<\/p>\n\n\n\n<hr class=\"wp-block-separator has-alpha-channel-opacity\"\/>\n\n\n\n<p><a href=\"https:\/\/hajusteyliherkkyys.com\/index.php\/artikkeleja-suomennettuna\/\" data-type=\"link\" data-id=\"https:\/\/hajusteyliherkkyys.com\/index.php\/artikkeleja-suomennettuna\/\">De Lucan ja kump. tutkimuksen 2010 tulokset nyt suomennettuna<\/a><br>Muutokset sairastuneiden elimist\u00f6ss\u00e4 viittaavat vierasaineiden aineenvaihdunnasta eli elimist\u00f6n myrkynpoistosta ja antioksidanttitoiminnasta vastaavien entsyymien puutokseen tai toimintah\u00e4iri\u00f6ihin MCS-potilailla.<\/p>\n\n\n\n<hr class=\"wp-block-separator has-alpha-channel-opacity\"\/>\n\n\n\n<p><a href=\"http:\/\/areena-v3.yle.fi\/tv\/2960637\" target=\"_blank\" rel=\"noopener\">Homesairaudet ovat kansallinen katastrofi, YLE 10.8.2015<\/a><br>Home- ja kosteusvauriot koskettavat jopa satojentuhansien suomalaisten arkea. Professori, ylil\u00e4\u00e4k\u00e4ri&nbsp;<strong>Ville Valtonen<\/strong>&nbsp;pit\u00e4\u00e4 ongelmaa katastrofaalisena. Pahin pelko on se, mit\u00e4 homekouluissa oppinsa saaneille lapsille tapahtuu.<a><\/a><\/p>\n\n\n\n<hr class=\"wp-block-separator has-alpha-channel-opacity\"\/>\n\n\n\n<p><a href=\"http:\/\/www.etlehti.fi\/artikkeli\/terveys\/huono_sisailma_sairastuttaa_salakavalasti_10_kysymysta_oireista\" target=\"_blank\" rel=\"noopener\">Huono sisailma sairastuttaa salakavalasti; 10 kysymyst\u00e4 oireista &#8211; ET-lehti 3.8.2015<\/a><br>&#8221;V\u00e4sytt\u00e4\u00e4, yskitt\u00e4\u00e4, p\u00e4\u00e4t\u00e4 ja niveli\u00e4 s\u00e4rkee. Huono sis\u00e4ilma aiheuttaa ep\u00e4m\u00e4\u00e4r\u00e4isi\u00e4 oireita. Jos niit\u00e4 ei tulkita oikein, sairauskierre syvenee.&#8221;<\/p>\n\n\n\n<hr class=\"wp-block-separator has-alpha-channel-opacity\"\/>\n\n\n\n<p><a href=\"http:\/\/www.tukes.fi\/fi\/Ajankohtaista\/Tiedotteet\/Kemikaalituotevalvonta\/Allergialla-ei-ole-palautusoikeutta---tiedosta-mita-kemikaaleja-koristautumisessa-kaytat\/\" target=\"_blank\" rel=\"noopener\">Tukes: Allergialla ei ole palautusoikeutta<\/a><br>Turvallisuus ja kemikaalivirasto (Tukes) kannustaa nuoria miettim\u00e4\u00e4n tarkasti, mit\u00e4 kemikaaleja itsens\u00e4 koristamiseen k\u00e4ytt\u00e4\u00e4. Jos olet kerran herkistynyt tietylle aineelle, kuten esimerkiksi hajusteelle tai hiusv\u00e4rin ainesosalle, allergia sit\u00e4 kohtaan s\u00e4ilyy koko loppuel\u00e4m\u00e4n.<br>Katso my\u00f6s&nbsp;<a href=\"http:\/\/www.tukes.fi\/Tiedostot\/Kemikaalituotteet\/Oppaat\/Ihoallergiaesite.pdf\" target=\"_blank\" rel=\"noopener\">Tukesin ihoallergiaesite<\/a><\/p>\n\n\n\n<hr class=\"wp-block-separator has-alpha-channel-opacity\"\/>\n\n\n\n<figure class=\"wp-block-table\"><table><tbody><tr><td><a href=\"https:\/\/hajusteyliherkkyys.com\/index.php\/kirjallisuutta\/\">Jaana Ennari: Hajuste- ja kemikaaliyliherkkyys \u2013 selviytymiskeinot<\/a><br>Kemisti ja filosofian tohtori Jaana Ennarin kirja hajuste- ja kemikaaliyliherkkyydest\u00e4. Kirjan tarkoitus on kertoa hajuste- ja kemikaaliyliherkkyydest\u00e4 sek\u00e4 siihen l\u00e4heisesti liittyvist\u00e4 asioista, kuten hajusteista ja sis\u00e4ilmasta. Kirjassa kerrotaan sairaudesta perusasiat. Se antaa my\u00f6s sairastuneelle vinkkej\u00e4, miten selviyty\u00e4 el\u00e4m\u00e4ss\u00e4 sairaudesta huolimatta ja miten est\u00e4\u00e4 sairauden paheneminen.<\/td><td><\/td><td><a href=\"https:\/\/hajusteyliherkkyys.com\/jaanaEnnariHajusteJaKemikaaliyliherkkyys.html\"><\/a><\/td><\/tr><\/tbody><\/table><\/figure>\n\n\n\n<hr class=\"wp-block-separator has-alpha-channel-opacity\"\/>\n\n\n\n<p><strong>Tiedote: Yhdistys lopettanut suojainten v\u00e4hitt\u00e4ismyynnin<\/strong><a><\/a><\/p>\n\n\n\n<hr class=\"wp-block-separator has-alpha-channel-opacity\"\/>\n\n\n\n<p><a href=\"http:\/\/www.iltalehti.fi\/terveys\/2015062619933427_tr.shtml\" target=\"_blank\" rel=\"noopener\">Allergia- ja astmaliitto tyrm\u00e4\u00e4 hajustetut terveyssiteet,&nbsp;<em>Iltalehti 26.6.2015<\/em><\/a><\/p>\n\n\n\n<hr class=\"wp-block-separator has-alpha-channel-opacity\"\/>\n\n\n\n<p><a href=\"http:\/\/www.ts.fi\/mielipiteet\/lukijoilta\/753791\/Tuoksumarkkinointi+on+epaeettista+yritystoimintaa\" target=\"_blank\" rel=\"noopener\">Tuoksumarkkinointi on ep\u00e4eettist\u00e4 yritystoimintaa,&nbsp;<em>Turun Sanomat 2.4.2015<\/em><\/a><br>P\u00e4ivi Ingrid Siren kirjoitti mielipiteess\u00e4\u00e4n Turun Sanomissa mm. ett\u00e4:&nbsp;<em>&#8221;Meid\u00e4n on eritt\u00e4in vaikeaa selvit\u00e4 t\u00e4ss\u00e4 tuoksuja, hajuja, kemikaaleja, homeita ja ilmansaasteita t\u00e4ynn\u00e4 olevassa maailmassa. Tuoksumarkkinointia harjoittavat yritykset tekev\u00e4t kamppailustamme entist\u00e4kin raskaampaa kaventamalla el\u00e4m\u00e4npiiri\u00e4mme entisest\u00e4\u00e4n.&#8221;<\/em><\/p>\n\n\n\n<hr class=\"wp-block-separator has-alpha-channel-opacity\"\/>\n\n\n\n<p><a><\/a><a href=\"http:\/\/www.kemia-lehti.fi\/wp-content\/uploads\/2015\/02\/Home_vaikuttaa_hermostoon_Kemia-lehti_4_2_2015.pdf\" target=\"_blank\" rel=\"noopener\">Home vaikuttaa hermostoon,&nbsp;<em>Kemia-lehti 1\/2015<\/em><\/a><br>Tuoreet tutkimukset osoittavat, ett\u00e4 pilaantunut sis\u00e4ilma voi vaikuttaa kognitiivisiin kykyihin ja aiheuttaa motorisia ongelmia. Sis\u00e4ilman haittatekij\u00f6iden on havaittu aiheuttavan aivosolujen tuhoutumista my\u00f6s matalina pitoisuuksina. Jutun yhteydess\u00e4 my\u00f6s viitteet tutkimuksiin.<\/p>\n\n\n\n<hr class=\"wp-block-separator has-alpha-channel-opacity\"\/>\n\n\n\n<p><a><\/a><a href=\"http:\/\/m.iltalehti.fi\/iltv-doc\/201412080175647_dc.shtml\" target=\"_blank\" rel=\"noopener\">Iltalehti 1.12.2014: Suomalaisella karmiva sairaus<\/a>&nbsp;(video)<br>Jyrki Jylh\u00e4 k\u00e4rsii ty\u00f6ss\u00e4\u00e4n saamansa kemikaalimyrkytyksen aiheuttamista oireista mutta sairautta ei virallisesti haluta my\u00f6nt\u00e4\u00e4. Haastateltavana my\u00f6s l\u00e4\u00e4k\u00e4ri Olli Polo, sek\u00e4 pj. Kari H\u00e4nnik\u00e4inen HaKe ry:st\u00e4.<\/p>\n\n\n\n<hr class=\"wp-block-separator has-alpha-channel-opacity\"\/>\n\n\n\n<p><a><\/a>MCS-potilaiden sairaanhoidonaikaiset ohjeet hoitohenkil\u00f6kunnalle Australiassa<br>Australia p\u00e4ivitt\u00e4nyt syksyll\u00e4 2014 ohjeet mcs-potilaiden huomioimisesta sairaanhoidossa.&nbsp;<a href=\"http:\/\/www.health.act.gov.au\/c\/health?a=dlpubpoldoc&amp;document=2787\" target=\"_blank\" rel=\"noopener\">Lue t\u00e4\u00e4lt\u00e4.<\/a><\/p>\n\n\n\n<hr class=\"wp-block-separator has-alpha-channel-opacity\"\/>\n\n\n\n<p><a><\/a><br>Uuden tutkimuksen mukaan hormonih\u00e4irikk\u00f6kemikaalien aiheuttamat terveyshaitat (mm. diabetes, sy\u00f6p\u00e4, lihavuus, k\u00e4yt\u00f6sh\u00e4iri\u00f6- ja lis\u00e4\u00e4ntymisterveysongelmat) maksavat&nbsp;<strong>31 miljardia euroa EU:n alueella<\/strong>&nbsp;ja miljoonia Suomessa vuosittain.<br><a href=\"https:\/\/news.yahoo.com\/disease-causing-chemicals-everyday-products-cost-eu-billions-193108558.html\" target=\"_blank\" rel=\"noreferrer noopener\">https:\/\/news.yahoo.com\/disease-causing-chemicals-everyday-products-cost-eu-billions-193108558.html<\/a><br><a href=\"http:\/\/www.env-health.org\/resources\/press-releases\/article\/eur31-billion-per-year-in-eu\" target=\"_blank\" rel=\"noreferrer noopener\">http:\/\/www.env-health.org\/resources\/press-releases\/article\/eur31-billion-per-year-in-eu<\/a><\/p>\n\n\n\n<hr class=\"wp-block-separator has-alpha-channel-opacity\"\/>\n\n\n\n<p><a><\/a><br>\u2022&nbsp;<a href=\"http:\/\/www.hengitysliitto.fi\/sisailmaongelmien-aiheuttamat-terveyshaitat#.UyfhuPl_tAo\" target=\"_blank\" rel=\"noreferrer noopener\">Sis\u00e4ilmaongelmien aiheuttamat terveyshaitat<\/a><br>\u2022&nbsp;<a href=\"http:\/\/www.mtv.fi\/uutiset\/kotimaa\/artikkeli\/hengitysliitto--sisailmasta-sairastuneet-ovat-syrjaytymisvaarassa\/3109528\" target=\"_blank\" rel=\"noreferrer noopener\">MTV3: Sis\u00e4ilmasta sairastuneet syrj\u00e4ytymisvaarassa<\/a><br>\u2022&nbsp;<a href=\"http:\/\/www.hengitysliitto.fi\/uutiset\/sisailmasta-sairastunut-putoaa-yhteiskunnan-turvaverkkojen-ulkopuolelle#.Uy3LlPl_tAq\" target=\"_blank\" rel=\"noreferrer noopener\">Sis\u00e4ilmasta&nbsp;sairastunut&nbsp;putoaa&nbsp;yhteiskunnan&nbsp;turvaverkkojen&nbsp;ulkopuolelle<\/a><br>\u2022&nbsp;<a href=\"http:\/\/www.e-julkaisu.fi\/hengitysliitto\/julkaisu_sisailmasta_sair\/pdf\/Sis__ilmasta_sairastuneiden_kokemuksia_e-paper.pdf\" target=\"_blank\" rel=\"noreferrer noopener\">Sis\u00e4ilmasta sairastuneden kokemuksia (PDF-kirja)<\/a><\/p>\n\n\n\n<hr class=\"wp-block-separator has-alpha-channel-opacity\"\/>\n\n\n\n<p><strong>Potilasj\u00e4rjest\u00f6t vaativat oikaisua<\/strong><a href=\"http:\/\/www.thl.fi\/attachments\/koodistopalvelu\/poytakirja_kp-jory%2016122013.pdf\" target=\"_blank\" rel=\"noreferrer noopener\">THL:n koodistoryhm\u00e4n kokouksen p\u00f6yt\u00e4kirjaan<\/a>, koskien ymp\u00e4rist\u00f6herkkyyden sairauskoodia. J\u00e4rjest\u00f6jen l\u00e4hett\u00e4m\u00e4t kannat oli ilmaistu siin\u00e4 vaillinaisesti ja\/tai v\u00e4\u00e4rin. Lis\u00e4ksi joidenkin valtakunnallisesti merkitt\u00e4vien j\u00e4rjest\u00f6jen l\u00e4hett\u00e4m\u00e4t kannat puuttuivat p\u00f6yt\u00e4kirjasta kokonaan. Koodistoryhm\u00e4 oli my\u00f6s j\u00e4tt\u00e4nyt mainitsematta vaatimuksemme saada sairauskoodiksi&nbsp;<strong>T65.9<\/strong>&nbsp;eli &#8221;jonkin\/joidenkin myrkyllisten altisteiden tai niiden yhteisvaikutusten aiheuttama elimist\u00f6n sietokyvynlaskusairaus&#8221;. Oikaisuvaatimukseen osallistuivat&nbsp;<strong>Hajuste- ja kemikaaliyliherk\u00e4t ry<\/strong>,&nbsp;<strong>Homepakolaiset ry<\/strong>&nbsp;ja&nbsp;<strong>Terve Sis\u00e4ilma ry<\/strong>.<\/p>\n\n\n\n<p><a href=\"https:\/\/hajusteyliherkkyys.com\/wp-content\/uploads\/2024\/04\/2014_THL_MED_1.pdf\" data-type=\"link\" data-id=\"https:\/\/hajusteyliherkkyys.com\/wp-content\/uploads\/2024\/04\/2014_THL_MED_1.pdf\" target=\"_blank\" rel=\"noreferrer noopener\">J\u00e4rjest\u00f6jen korjauspyynt\u00f6 koskien niiden lausuntoja \/ THL:n koodistoryhm\u00e4n kokousp\u00f6yt\u00e4kirja 16.12.2013<\/a><\/p>\n\n\n\n<hr class=\"wp-block-separator has-alpha-channel-opacity\"\/>\n\n\n\n<p><br><strong>Linkki:\u00a0<\/strong>STM:n ty\u00f6ryhm\u00e4n esitt\u00e4m\u00e4 sairauskoodi riitt\u00e4m\u00e4t\u00f6n<\/p>\n\n\n\n<hr class=\"wp-block-separator has-alpha-channel-opacity\"\/>\n\n\n\n<p>19.11.2013<br><a href=\"https:\/\/hajusteyliherkkyys.com\/wp-content\/uploads\/2024\/04\/lausunto_STMlle_2013_Suomen-Hajuste-ja-kemikaaliyliherkat.pdf\" data-type=\"link\" data-id=\"https:\/\/hajusteyliherkkyys.com\/wp-content\/uploads\/2024\/04\/lausunto_STMlle_2013_Suomen-Hajuste-ja-kemikaaliyliherkat.pdf\" target=\"_blank\" rel=\"noreferrer noopener\">Yhdistyksen vastine Sosiaali- ja terveysministeri\u00f6n perustelumuistioon (STM\/4240\/2013), koskien ymp\u00e4rist\u00f6sairauksien diagnoosikoodia<\/a><br>Hajuste- ja kemikaaliyliherk\u00e4t ry vaatii, ett\u00e4 STM:n\u00a0<a href=\"http:\/\/www.stm.fi\/c\/document_library\/get_file?folderId=6719234&amp;name=DLFE-27903.pdf\" target=\"_blank\" rel=\"noreferrer noopener\">perustelumuistiossaan<\/a>\u00a0esitt\u00e4m\u00e4n diagnoosikoodin\u00a0<strong>R68.81<\/strong>\u00a0(jatkuva tai toistuva poikkeuksellinen herkkyys ymp\u00e4rist\u00f6n tavanomaisille tekij\u00f6ille) lis\u00e4ksi m\u00e4\u00e4ritet\u00e4\u00e4n\u00a0<strong>monikemikaaliyliherkkyy-<br>delle diagnoosikoodi T65.9<\/strong>\u00a0(m\u00e4\u00e4ritt\u00e4m\u00e4tt\u00f6m\u00e4n aineen myrkkyvaikutukset), ja lis\u00e4ksi\u00a0<strong>sosiaaliturva sairastuneille<\/strong>. T\u00e4m\u00e4 siit\u00e4 syyst\u00e4, ett\u00e4 ministeri\u00f6n esitt\u00e4m\u00e4 koodi olisi vain ymp\u00e4rist\u00f6herkkyyksille yleisesti ja pelk\u00e4st\u00e4\u00e4n tilastollinen, eik\u00e4 se oikeuttaisi sosiaaliturvaan.<\/p>\n\n\n\n<hr class=\"wp-block-separator has-alpha-channel-opacity\"\/>\n\n\n\n<p><a><\/a>Tukes tiukentanut lelujen kemikaalien rajoitteita<br>Uusi laki leluista on tullut voimaan ja Tukes tiukentanut lelujen kemikaalien rajoitteita. Luettelo 55 kielletyst\u00e4 aineesta l\u00f6ytyy&nbsp;<a href=\"http:\/\/eur-lex.europa.eu\/LexUriServ\/LexUriServ.do?uri=OJ:L:2009:170:0001:0037:FI:PDF\" target=\"_blank\" rel=\"noreferrer noopener\">t\u00e4st\u00e4 linkist\u00e4 sivulta 24<\/a>. Siltikin j\u00e4ljelle j\u00e4\u00e4 viel\u00e4 satoja terveyden kannalta ep\u00e4ilytt\u00e4vi\u00e4 yhdisteit\u00e4. Tukes:n p\u00e4\u00e4t\u00f6s on kuitenkin oikeansuuntainen.<\/p>\n\n\n\n<hr class=\"wp-block-separator has-alpha-channel-opacity\"\/>\n\n\n\n<p>Pohjoismaista Hajusteetonta P\u00e4iv\u00e4\u00e4<br>vietetiin Suomessa ensi kertaa 30.5.2013. Tapahtumaan osallistuivat my\u00f6s Ruotsin, Norjan ja Tanskan mcs-yhdistykset.<a><\/a><\/p>\n\n\n\n<hr class=\"wp-block-separator has-alpha-channel-opacity\"\/>\n\n\n\n<p>Vaaralliset homeenestoaineet uhkaavat terveytt\u00e4 16.1.2013<br>&#8221;Riskikemikaaleja on k\u00e4ytetty asuntojen, koulujen ja p\u00e4iv\u00e4kotien desinfiointiin. Tukes my\u00f6nt\u00e4\u00e4, ett\u00e4 Suomessa ihmisi\u00e4 on saattanut sairastua homedesinfiointien seurauksena. Ulkomailla aineita hengitt\u00e4neit\u00e4 ihmisi\u00e4 on jopa kuollut&#8221;<br>Lue lis\u00e4\u00e4 t\u00e4\u00e4lt\u00e4&#8230;<\/p>\n\n\n\n<p><a href=\"http:\/\/www.ttl.fi\/fi\/uutiset\/Sivut\/Huolellinen_siivous_riittaa_homevauriokorjauksen_jalkeen.aspx\" target=\"_blank\" rel=\"noreferrer noopener\">Ty\u00f6terveyslaitos suosittaa desinfioinneista luopumista homeremonttien yhteydess\u00e4<\/a><br>Homevaurioituneet materiaalit tulee puhdistaa muilla keinon tai korvata uusilla ja homeettomaksi siivous tulee tehd\u00e4 ilman desinfiointiaineita. Homeettomaksi siivouksesta on ohjeistus&nbsp;<a href=\"http:\/\/www.ttl.fi\/fi\/tyoymparisto\/sisailma_ja_sisaymparisto\/tyokalut\/Sivut\/default.aspx\" target=\"_blank\" rel=\"noreferrer noopener\">TTL:n sivuilla<\/a>.<a><\/a><\/p>\n\n\n\n<hr class=\"wp-block-separator has-alpha-channel-opacity\"\/>\n\n\n\n<p>Suomen hajuste- ja kemikaaliyliherkkien julkilausuma 25.8.2012<\/p>\n\n\n\n<p>Media ja kansa seuraavat, saavatko hajuste- ja kemikaaliyliherkkyyden takia syrj\u00e4ytyneet t\u00e4n\u00e4 vuonna vihdoinkin asianmukaisen fyysisen ja sosiaalietuuksiin oikeuttavan diagnoosinumeron ja sosiaaliturvan<\/p>\n\n\n\n<p>Suomen Hajuste- ja kemikaaliyliherk\u00e4t ry:n kes\u00e4juhlassa k\u00e4siteltiin kemikaali- ja hajusteyliherkkyyden takia kotinsa, koulutuspaikkansa, toimeentulonsa, harrastuksensa ja terveytens\u00e4 menett\u00e4neiden ep\u00e4inhimillist\u00e4 tilannetta. Toistaiseksi yhteiskunta ei ole auttanut sairastuneita mill\u00e4\u00e4n tavalla. Terveyden- ja hyvinvoinnin laitos on ilmoittanut p\u00e4\u00e4tt\u00e4v\u00e4ns\u00e4 t\u00e4m\u00e4n vuoden aikana, suosittaako se diagnoosinumeron antamista sairaudelle.<\/p>\n\n\n\n<p>T\u00e4h\u00e4n menness\u00e4 kemikaaliyliherkkyyden takia noin 20 000 ihmist\u00e4 on pysyv\u00e4sti ty\u00f6kyvytt\u00f6m\u00e4n\u00e4, l\u00e4hes 40 000 on menett\u00e4nyt ty\u00f6- tai koulutuspaikkansa ja liki 200 000:lla suomalaisella kemikaali-herkistyminen vaikeuttaa arjesta selviytymist\u00e4. (Berg et al., Occup Environ Health. 2008 Jul;81(7):881-7). Viel\u00e4k\u00f6 viranomaiset haluavat odottaa, ett\u00e4 sairastuneiden m\u00e4\u00e4r\u00e4 kasvaa, vai riitt\u00e4k\u00f6 t\u00e4m\u00e4 sairastuneiden m\u00e4\u00e4r\u00e4 ja viranomaiset kantavat viimeinkin vastuunsa kansanterveydest\u00e4?<\/p>\n\n\n\n<p>Yhdistykseen ottaa yhteytt\u00e4 yh\u00e4 enemm\u00e4n eritt\u00e4in vakavasti sairastuneita. Tutkimuksissa on todettu, ett\u00e4 sairaus ei etene invalidisoivaksi, jos altistus lopetetaan jo sairauden alussa (Genuis, Sci Total Environ. 2010 Nov 15;408(24):6047-61). Ilman sairauslomaoikeutta ja sairauden virallista asemaa t\u00e4m\u00e4 on tietysti mahdotonta.<\/p>\n\n\n\n<p>H\u00e4lytt\u00e4v\u00e4\u00e4 on my\u00f6s se, ett\u00e4 yhteyden otot koskevat yh\u00e4 nuorempia sairastuneita. T\u00e4ll\u00e4 hetkell\u00e4 monet lapset invalidisoituvat vakavasti varsinkin kosteusvaurioisissa taloissa (p\u00e4iv\u00e4kodit, koulut jne.) puhjenneen yliherkkyyden my\u00f6t\u00e4 niin, ett\u00e4 eiv\u00e4t en\u00e4\u00e4 voi olla koulussa, k\u00e4yd\u00e4 harrastustensa parissa tai olla normaaleissa vuorovaikutuksessa ik\u00e4istens\u00e4 kanssa. Onko kuntien jo aika purkaa kosteusvaurioituneet koulut ja rakennuttaa tilalle terveet?<\/p>\n\n\n\n<p>Suomen hajuste- ja kemikaaliyliherk\u00e4t ry. vetoaa sen puolesta, ett\u00e4 tarpeettomien tai hy\u00f6dyilt\u00e4\u00e4n kiistanalaisten kemikaalien k\u00e4ytt\u00f6 lopetettaisiin. Kemikaalit aiheuttavat kemikaaleille herkistyneille pitk\u00e4kestoisia ja invalidisoivia, usein yhteiskunnasta syrj\u00e4ytt\u00e4vi\u00e4 oireita. Esimerkiksi hajusteille herkistynyt voi menett\u00e4\u00e4 ty\u00f6paikkansa siksi, ett\u00e4 ty\u00f6paikalla ei suostuta siivoamaan hajusteettomilla pesuaineilla. Koulun kosteusvauriokorjauksen j\u00e4lkeinen biosidi- k\u00e4sittely taas voi aiheuttaa herkistyneelle oppilaalle vaikeita oireita. Kemikaalien k\u00e4ytt\u00f6\u00f6notto tulisi tapahtua vasta niiden turvallisuuden selvitt\u00e4misen j\u00e4lkeen, esim. 1.7.2012 EU kielsi biosidi PHMG:n k\u00e4yt\u00f6n. T\u00e4ll\u00e4 kemikaalilla on k\u00e4sitelty pintoja ja esineit\u00e4 runsaasti kodeissa, kouluissa ja sairaaloissa. Koska aine on pysyv\u00e4, niin sille altistuu edelleen suuri joukko mm. suomalaisia lapsia, potilaita ja henkil\u00f6kuntaa. Koska viranomaiset alkavat ohjeistaa ja valvoa aineen poistamista sis\u00e4tiloista?<\/p>\n\n\n\n<p>Laura Unnaslahti<br>Hajuste- ja Kemikaaliyliherk\u00e4t ry.<br>Puh. 050-5530448<br>www.hajusteyliherkkyys.com<\/p>\n\n\n\n<p>Viitteet:<br>Berg ND, Linneberg A, Dirksen A, Elberling J. Prevalence of self-reported symptoms and consequences related to inhalation of airborne chemicals in a Danish general population. Int Arch Occup Environ Health. 2008 Jul;81(7):881-7. Epub 2007 Dec 6. (http:\/\/www.ncbi.nlm.nih.gov\/pubmed\/18058120) Genuis SJ. Sensitivity-related illness: the escalating pandemic of allergy, food intolerance and chemical sensitivity. Sci Total Environ. 2010 Nov 15;408(24):6047-61. (http:\/\/www.ncbi.nlm.nih.gov\/pubmed\/20920818)<\/p>\n\n\n\n<hr class=\"wp-block-separator has-alpha-channel-opacity\"\/>\n\n\n\n<p>08\/2012 Yhdistyksen syyskokous pidet\u00e4\u00e4n 20.10.2012 osoitteessa Huvilinnantie 5, Espoo. Kokouksesssa k\u00e4sitell\u00e4\u00e4n s\u00e4\u00e4nt\u00f6m\u00e4\u00e4r\u00e4iset asiat ja tarjoillaan pient\u00e4 purtavaa. Kokous on hajusteeton.<\/p>\n\n\n\n<hr class=\"wp-block-separator has-alpha-channel-opacity\"\/>\n\n\n\n<p>06\/2012Ty\u00f6terveyslaitos (TTL) on julkaissut 7.6.2012 videon &#8221;Monikemikaaliyliherkkyys ja ty\u00f6kyky&#8221;, jossa TTL:n p\u00e4\u00e4johtaja Vainio t\u00e4hdent\u00e4\u00e4, ett\u00e4 monikemikaaliyliherkki\u00e4 ei saa j\u00e4tt\u00e4\u00e4 yhteiskunnan turvaverkon ulkopuolelle. Video on katsottavissa&nbsp;<a href=\"http:\/\/www.youtube.com\/watch?v=Cj_YT-eEFFA\" target=\"_blank\" rel=\"noreferrer noopener\">t\u00e4st\u00e4<\/a>.<\/p>\n\n\n\n<hr class=\"wp-block-separator has-alpha-channel-opacity\"\/>\n\n\n\n<p>04\/2012 Yhdistyksen kes\u00e4juhla pidet\u00e4\u00e4n 25.8.2012 Hollolassa osoitteessa Viljatie 25. Ilmoittautumiset juhlaan pit\u00e4\u00e4 tehd\u00e4 yhdistyksen s\u00e4hk\u00f6postiin 20.8.2012 menness\u00e4.<\/p>\n\n\n\n<hr class=\"wp-block-separator has-alpha-channel-opacity\"\/>\n\n\n\n<p>2\/2012 Ty\u00f6terveyslaitoksen p\u00e4\u00e4johtaja Vainio on Ty\u00f6, Terveys, Turvallisuus -lehdess\u00e4 1\/2012 ottanut kantaa siihen, ett\u00e4 kemikaaliyliherkkyydelle tulee saada tautiluokitus ja sairastuneille sosiaaliturva. Koko kirjoitus on luettavissa&nbsp;<a href=\"http:\/\/www.ttl.fi\/partner\/ttt\/1_2012\/paakirjoitus_hullun_ajan_tauti\/sivut\/default.aspx\" target=\"_blank\" rel=\"noreferrer noopener\">t\u00e4st\u00e4<\/a>.<\/p>\n\n\n\n<hr class=\"wp-block-separator has-alpha-channel-opacity\"\/>\n\n\n\n<p>12\/2011 Yhdistyksemme kev\u00e4tkokous pidet\u00e4\u00e4n 31.3.2012 klo 12.30 &#8211; 14.00 Tampereella, Vesilinnankatu 1, ovi D 1. Kokouksessa k\u00e4sitell\u00e4\u00e4n s\u00e4\u00e4nt\u00f6m\u00e4\u00e4r\u00e4iset asiat. Sen j\u00e4lkeen on kahvitarjoilu ja mahdollisuus vapaaseen keskusteluun.<\/p>\n\n\n\n<hr class=\"wp-block-separator has-alpha-channel-opacity\"\/>\n\n\n\n<p>09\/2011 Yhdistyksemme syyskokous on 12.11.2011 klo 13.00 &#8211; 17.00 M\u00e4nty Lounasravintolassa, Seisakekatu 2, Lahti. Kokouksessa k\u00e4sitell\u00e4\u00e4n s\u00e4\u00e4nt\u00f6m\u00e4\u00e4r\u00e4iset asiat ja sen j\u00e4lkeen yhdistys tarjoaa ruokaa ja mahdollisuuden vapaaseen keskusteluun. Tervetuloa mukaan hajusteetta!<\/p>\n\n\n\n<hr class=\"wp-block-separator has-alpha-channel-opacity\"\/>\n\n\n\n<p>04\/2011: Yhdistyksemme kes\u00e4juhla on 21.8.2011 klo 14.00 alkaen Hollolassa osoitteessa Viljatie 25. Juhla pyrit\u00e4\u00e4n viett\u00e4m\u00e4\u00e4n ulkona, joten suosittelemme s\u00e4\u00e4nmukaista ja l\u00e4mmint\u00e4 pukeutumista. Tilaisuuteen tulee ilmoittautua 12.8.2011 menness\u00e4 yhdistyksen s\u00e4hk\u00f6postiin hakeinfo@gmail.com. Ilmoittautumisen yhteydess\u00e4 olisi hyv\u00e4 mainita mahdolliset ruoka-ainerajoitukset, sill\u00e4 yhdistys tarjoaa juhlassa pient\u00e4 purtavaa. Juhlaan voi ottaa hajusteettoman perheens\u00e4 tai yst\u00e4v\u00e4ns\u00e4 mukaan.<\/p>\n\n\n\n<hr class=\"wp-block-separator has-alpha-channel-opacity\"\/>\n\n\n\n<p>02\/2011: Yhdistyksemme kev\u00e4tkokous pidet\u00e4\u00e4n torstaina 31.3 klo 16.30 Helsingiss\u00e4 Infokeskus Koronan kahvilassa osoitteessa Viikinkaari 11, (sininen py\u00f6re\u00e4 lasitalo). Kokouksessa k\u00e4sitell\u00e4\u00e4n s\u00e4\u00e4nt\u00f6m\u00e4\u00e4r\u00e4iset asiat, jonka j\u00e4lkeennoin klo 17.00 prof. Mirja Salkinoja-Salonen puhuu haitallisten kemikaalien vaikutuksesta elimist\u00f6\u00f6n.<\/p>\n\n\n\n<hr class=\"wp-block-separator has-alpha-channel-opacity\"\/>\n\n\n\n<p>08\/2010: Yhdistyksemme syyskokous pidet\u00e4\u00e4n lauantaina 13.11.2010 klo 14.00 &#8211; 17.00 Espoossa Tapiolassa EYJ:n kokoustilassa kokoushuone Erkkeriss\u00e4 osoitteessa Kauppamiehentie 6, 2 krs. Kokouksessa k\u00e4sitell\u00e4\u00e4n s\u00e4\u00e4nt\u00f6m\u00e4\u00e4r\u00e4iset asiat ja valitaan uusi johtokunta. Kokouksen j\u00e4lkeen Leila esitt\u00e4\u00e4 it\u00e4maisen tanssin, jonka j\u00e4lkeen on mahdollisuus vapaaseen keskusteluun. Kaikki ovat syd\u00e4mellisesti tervetulleita mukaan ilman hajusteita!<\/p>\n\n\n\n<hr class=\"wp-block-separator has-alpha-channel-opacity\"\/>\n\n\n\n<p>02\/2010: Yhdistyksemme kev\u00e4tkokous pidet\u00e4\u00e4n lauantaina 10.4.2010 klo 14.00 &#8211; 17.00 Espoossa Tapiolassa EYJ:n kokoustilassa kokoushuone Erkkeriss\u00e4 osoitteessa Kauppamiehentie 6, 2 krs., (Samassa talossa on keilahalli ja apteekki). Kokouksessa k\u00e4sitell\u00e4\u00e4n s\u00e4\u00e4nt\u00f6m\u00e4\u00e4r\u00e4iset asiat, joiden j\u00e4lkeen Leila esitt\u00e4\u00e4 it\u00e4maisen tanssin. Lopuksi on vapaata keskustelua. Kaikki ovat syd\u00e4mellisesti tervetulleita mukaan ilman hajusteita.<\/p>\n\n\n\n<hr class=\"wp-block-separator has-alpha-channel-opacity\"\/>\n\n\n\n<p>04\/2009: Yhdistyksemme kev\u00e4tkokous pidet\u00e4\u00e4n lauantaina 18.4.2009 klo 14.00 &#8211; 17.00 Espoossa osoitteessa Kauppamiehentie 6, 2 krs., (Tapiola, samassa talossa on keilahalli ja apteekki). Kokouksessa k\u00e4sitell\u00e4\u00e4n s\u00e4\u00e4nt\u00f6m\u00e4\u00e4r\u00e4iset asiat. Kokouksen j\u00e4lkeen Leila esitt\u00e4\u00e4 it\u00e4maisen tanssin. Tanssin j\u00e4lkeen NLP-kouluttaja Leena-Maija Hurme alustaa aiheesta \u201dMiten hajusteyliherkk\u00e4 voi s\u00e4ilytt\u00e4\u00e4 luottamuksensa tulevaisuuteen ja saada voimavaroja.\u201d Kaikki ovat hajusteettomina tervetulleita mukaan.<\/p>\n\n\n\n<hr class=\"wp-block-separator has-alpha-channel-opacity\"\/>\n\n\n\n<p>10\/2008: Yhdistyksemme syyskokous pidet\u00e4\u00e4n sunnuntaina 26.10.2008 klo 15.00 Lounasravintolassa Hyv\u00e4 Maku, osoitteessa Saimaankatu 11 Lahti. Kokouksessa k\u00e4sitell\u00e4\u00e4n s\u00e4\u00e4nt\u00f6m\u00e4\u00e4r\u00e4iset asiat eli mm. valitaan uusi johtokunta. Kokouksen j\u00e4lkeen hoitaja Leila Kuutti-Pelkonen ohjaa tuolitansseja. Tanssit sopivat kaikenik\u00e4isille ja -kuntoisille eik\u00e4 niiss\u00e4 tarvita paria.<\/p>\n\n\n\n<hr class=\"wp-block-separator has-alpha-channel-opacity\"\/>\n\n\n\n<p>08\/2008: Muistattehan ilmoittautua yhdistyksemme kes\u00e4juhlaan 16.8.2008 menness\u00e4 yhdistyksen s\u00e4hk\u00f6postiin. Kes\u00e4juhla on lauantaina 23.8.2008 klo 14.00 &#8211; 18.00 Sipoossa.<\/p>\n\n\n\n<hr class=\"wp-block-separator has-alpha-channel-opacity\"\/>\n\n\n\n<p>06\/2008: Yhdistyksemme kes\u00e4juhla on lauantaina 23.8.2008 klo 14.00 &#8211; 18.00 Sipoossa. Ohjelmassa on mm. mukavaa yhdess\u00e4oloa, tanssia, musiikkia ja pient\u00e4 purtavaa. Lis\u00e4tietoa ja ajo-ohjeita voi kysell\u00e4 yhdistyksen s\u00e4hk\u00f6postista. Sitovat ilmoittautumiset juhlaan tulee l\u00e4hett\u00e4\u00e4 15.8 menness\u00e4 s\u00e4hk\u00f6postilla hajusteyliherkkyys.com.<\/p>\n\n\n\n<hr class=\"wp-block-separator has-alpha-channel-opacity\"\/>\n\n\n\n<p>10\/2007: Yhdistyksemme kev\u00e4tkokous pidet\u00e4\u00e4n lauantaina 26.4.2008 alkaen klo 14.00 Kahvilassa Valkoinen Omena Lahden keskustassa osoitteessa H\u00e4meenkatu 10. Kev\u00e4tkokouksen j\u00e4lkeen juhlimme pitk\u00e4aikaisen varapuheenjohtajamme syntym\u00e4p\u00e4ivi\u00e4. Yhdistys tarjoaa juhlan kunniaksi j\u00e4senille kotiruokaa ja kakkukahvit. Tarjoilujen takia j\u00e4seni\u00e4 pyydet\u00e4\u00e4n ilmoittautumaan juhlaan sunnuntaihin 20.4.2008 menness\u00e4 s\u00e4hk\u00f6postiin info[a]hajusteyliherkkyys.com. Ilmoittautumisen yhteydess\u00e4 on hyv\u00e4 mainita mahdolliset ruoka-aineallergiat.<\/p>\n\n\n\n<hr class=\"wp-block-separator has-alpha-channel-opacity\"\/>\n\n\n\n<p>10\/2007: Yhdistyksen syyskokous on 3.11.2007 klo 14.00 osoitteessa Hyv\u00e4 Maku, Saimaankatu 11, Lahti.<\/p>\n\n\n\n<hr class=\"wp-block-separator has-alpha-channel-opacity\"\/>\n\n\n\n<p>04\/2007: S\u00e4\u00e4nt\u00f6m\u00e4\u00e4r\u00e4inen kev\u00e4tkokous 29.4.2007 klo 14.00 Hyv\u00e4 Maku lounasravintola, Saimaankatu 11, Lahti<\/p>\n\n\n\n<hr class=\"wp-block-separator has-alpha-channel-opacity\"\/>\n\n\n\n<p>10\/2006: Yhdistyksemme syyskokous pidet\u00e4\u00e4n lauantaina 18.11.2006 klo 14.00 Helsingin keskustassa osoitteessa Vilhonkatu 4 B 13. Yhdistyksemme adressi sosiaaliturvan saamiseksi hajusteyliherkille luovutetaan 28.4.2009 peruspalveluministerille, joten muistakaa k\u00e4yd\u00e4 allekirjoittamassa se osoitteessa: http:\/\/www.adressit.sosiaaliturvahajusteyliherkille. Kaikki joukolla allekirjoittamaan! Syyskokouksen j\u00e4lkeen hammashoitaja Leila Kuutti-Pelkonen alustaa aiheesta: Herk\u00e4n suun- ja hampaiden hoito. Alustuksen j\u00e4lkeen on mahdollisuus esitt\u00e4\u00e4 kysymyksi\u00e4 ja tutustua herk\u00e4n suun hoitotuotteisiin.<\/p>\n\n\n\n<hr class=\"wp-block-separator has-alpha-channel-opacity\"\/>\n\n\n\n<p>10\/2006: Yhdistys on kirjoittanut vetoomuksen sosiaaliturvan saamiseksi hajuste- ja kemikaaliyliherkille. Vetoomuksessa vedotaan my\u00f6s turhien kemikaalien k\u00e4yt\u00f6n lopettamisen puolesta. Yhdistys luovuttaa vetoomuksen peruspalvelu-, sosiaali-ja terveys- sek\u00e4 ty\u00f6ministerille ensi vuonna. Vetoomuksen voi allekirjoittaa osoitteessa http:\/\/www.adressit.com\/sosiaaliturvahajusteyliherkille.<\/p>\n\n\n\n<hr class=\"wp-block-separator has-alpha-channel-opacity\"\/>\n\n\n\n<p><a><\/a><a href=\"https:\/\/www.youtube.com\/watch?v=BHeu1nMNThs&amp;list=PLfZM3ra26cJh17S7D-BNQupYg1EOREsDt\" target=\"_blank\" rel=\"noopener\">Mycotoxicosis<\/a><br>Suomalaiset home- ja kosteusvaurioista sairastuneet haastateltavina Haidi Motolan ohjelmassa Mycotoxicosis.<\/p>\n\n\n\n<hr class=\"wp-block-separator has-alpha-channel-opacity\"\/>\n\n\n\n<p><a><\/a><a href=\"http:\/\/www.ts.fi\/mielipiteet\/lukijoilta\/841178\/Vammojen+huomioiminen+ei+ole+aina+helppoa\" target=\"_blank\" rel=\"noreferrer noopener\">Vammojen huomioiminen ei ole aina helppoa<\/a><br>Irmeli Suurip\u00e4\u00e4 kirjoittaa Turun Sanomissa 21.1.2016 mm. ett\u00e4 kunpa oppisimme kunnioittamaan jokaista vammastaan huolimatta.<\/p>\n\n\n\n<hr class=\"wp-block-separator has-alpha-channel-opacity\"\/>\n\n\n\n<p><a><\/a><a href=\"http:\/\/intoleranse.no\/wp-content\/uploads\/2015\/11\/Pressemelding-kjemisk-milj%C3%B8intoleranse1.pdf\" target=\"_blank\" rel=\"noreferrer noopener\">Norjan terveysministeri\u00f6 suosittaa k\u00e4ytt\u00e4m\u00e4\u00e4n diagnoosikoodia T78.4<\/a><br>Norjan terveysministeri\u00f6 suosittaa syksyst\u00e4 2015 l\u00e4htien l\u00e4\u00e4k\u00e4reit\u00e4 k\u00e4ytt\u00e4m\u00e4\u00e4n kemikaaliyliherkille diagnoosikoodia&nbsp;<a href=\"http:\/\/icdlist.com\/icd-10\/T78.4\" target=\"_Blank\" rel=\"noreferrer noopener\">T78.4<\/a>, joka on k\u00e4yt\u00f6ss\u00e4 my\u00f6s&nbsp;<strong>Saksassa, It\u00e4vallassa, Luxenburgissa ja Espanjanssa<\/strong>.<br>L\u00e4hde: Norjan yhdistyksen lehdist\u00f6tiedote: Pressemelding Forbund for Kjemisk Milj\u00f8intoleranse (FKMI)<\/p>\n\n\n\n<hr class=\"wp-block-separator has-alpha-channel-opacity\"\/>\n\n\n\n<p>Tilanteita ja kokemuksia tuoksu- ja kemikaaliyliherk\u00e4n el\u00e4m\u00e4ss\u00e4 &#8211; kyselytutkimuksen tulokset<\/p>\n\n\n\n<hr class=\"wp-block-separator has-alpha-channel-opacity\"\/>\n\n\n\n<p><a href=\"https:\/\/hajusteyliherkkyys.com\/index.php\/artikkeleja-suomennettuna\/\" data-type=\"link\" data-id=\"https:\/\/hajusteyliherkkyys.com\/index.php\/artikkeleja-suomennettuna\/\">De Lucan ja kump. tutkimuksen 2010 tulokset nyt suomennettuna<\/a><br>Muutokset sairastuneiden elimist\u00f6ss\u00e4 viittaavat vierasaineiden aineenvaihdunnasta eli elimist\u00f6n myrkynpoistosta ja antioksidanttitoiminnasta vastaavien entsyymien puutokseen tai toimintah\u00e4iri\u00f6ihin MCS-potilailla.<\/p>\n\n\n\n<hr class=\"wp-block-separator has-alpha-channel-opacity\"\/>\n\n\n\n<p><a href=\"http:\/\/areena-v3.yle.fi\/tv\/2960637\" target=\"_blank\" rel=\"noopener\">Homesairaudet ovat kansallinen katastrofi, YLE 10.8.2015<\/a><br>Home- ja kosteusvauriot koskettavat jopa satojentuhansien suomalaisten arkea. Professori, ylil\u00e4\u00e4k\u00e4ri&nbsp;<strong>Ville Valtonen<\/strong>&nbsp;pit\u00e4\u00e4 ongelmaa katastrofaalisena. Pahin pelko on se, mit\u00e4 homekouluissa oppinsa saaneille lapsille tapahtuu.<a><\/a><\/p>\n\n\n\n<hr class=\"wp-block-separator has-alpha-channel-opacity\"\/>\n\n\n\n<p><a href=\"http:\/\/www.etlehti.fi\/artikkeli\/terveys\/huono_sisailma_sairastuttaa_salakavalasti_10_kysymysta_oireista\" target=\"_blank\" rel=\"noopener\">Huono sisailma sairastuttaa salakavalasti; 10 kysymyst\u00e4 oireista &#8211; ET-lehti 3.8.2015<\/a><br>&#8221;V\u00e4sytt\u00e4\u00e4, yskitt\u00e4\u00e4, p\u00e4\u00e4t\u00e4 ja niveli\u00e4 s\u00e4rkee. Huono sis\u00e4ilma aiheuttaa ep\u00e4m\u00e4\u00e4r\u00e4isi\u00e4 oireita. Jos niit\u00e4 ei tulkita oikein, sairauskierre syvenee.&#8221;<\/p>\n\n\n\n<hr class=\"wp-block-separator has-alpha-channel-opacity\"\/>\n\n\n\n<p><a href=\"http:\/\/www.tukes.fi\/fi\/Ajankohtaista\/Tiedotteet\/Kemikaalituotevalvonta\/Allergialla-ei-ole-palautusoikeutta---tiedosta-mita-kemikaaleja-koristautumisessa-kaytat\/\" target=\"_blank\" rel=\"noopener\">Tukes: Allergialla ei ole palautusoikeutta<\/a><br>Turvallisuus ja kemikaalivirasto (Tukes) kannustaa nuoria miettim\u00e4\u00e4n tarkasti, mit\u00e4 kemikaaleja itsens\u00e4 koristamiseen k\u00e4ytt\u00e4\u00e4. Jos olet kerran herkistynyt tietylle aineelle, kuten esimerkiksi hajusteelle tai hiusv\u00e4rin ainesosalle, allergia sit\u00e4 kohtaan s\u00e4ilyy koko loppuel\u00e4m\u00e4n.<br>Katso my\u00f6s&nbsp;<a href=\"http:\/\/www.tukes.fi\/Tiedostot\/Kemikaalituotteet\/Oppaat\/Ihoallergiaesite.pdf\" target=\"_blank\" rel=\"noopener\">Tukesin ihoallergiaesite<\/a><\/p>\n\n\n\n<hr class=\"wp-block-separator has-alpha-channel-opacity\"\/>\n\n\n\n<figure class=\"wp-block-table\"><table><tbody><tr><td><a href=\"https:\/\/hajusteyliherkkyys.com\/index.php\/kirjallisuutta\/\" data-type=\"link\" data-id=\"https:\/\/hajusteyliherkkyys.com\/index.php\/kirjallisuutta\/\">Jaana Ennari: Hajuste- ja kemikaaliyliherkkyys \u2013 selviytymiskeinot<\/a><br>Kemisti ja filosofian tohtori Jaana Ennarin kirja hajuste- ja kemikaaliyliherkkyydest\u00e4. Kirjan tarkoitus on kertoa hajuste- ja kemikaaliyliherkkyydest\u00e4 sek\u00e4 siihen l\u00e4heisesti liittyvist\u00e4 asioista, kuten hajusteista ja sis\u00e4ilmasta. Kirjassa kerrotaan sairaudesta perusasiat. Se antaa my\u00f6s sairastuneelle vinkkej\u00e4, miten selviyty\u00e4 el\u00e4m\u00e4ss\u00e4 sairaudesta huolimatta ja miten est\u00e4\u00e4 sairauden paheneminen.<\/td><td><\/td><td><a href=\"https:\/\/hajusteyliherkkyys.com\/jaanaEnnariHajusteJaKemikaaliyliherkkyys.html\"><\/a><\/td><\/tr><\/tbody><\/table><\/figure>\n\n\n\n<hr class=\"wp-block-separator has-alpha-channel-opacity\"\/>\n\n\n\n<p><strong>Tiedote: Yhdistys lopettanut suojainten v\u00e4hitt\u00e4ismyynnin<\/strong><a><\/a><\/p>\n\n\n\n<hr class=\"wp-block-separator has-alpha-channel-opacity\"\/>\n\n\n\n<p><a href=\"http:\/\/www.iltalehti.fi\/terveys\/2015062619933427_tr.shtml\" target=\"_blank\" rel=\"noopener\">Allergia- ja astmaliitto tyrm\u00e4\u00e4 hajustetut terveyssiteet,&nbsp;<em>Iltalehti 26.6.2015<\/em><\/a><\/p>\n\n\n\n<hr class=\"wp-block-separator has-alpha-channel-opacity\"\/>\n\n\n\n<p><a href=\"http:\/\/www.ts.fi\/mielipiteet\/lukijoilta\/753791\/Tuoksumarkkinointi+on+epaeettista+yritystoimintaa\" target=\"_blank\" rel=\"noopener\">Tuoksumarkkinointi on ep\u00e4eettist\u00e4 yritystoimintaa,&nbsp;<em>Turun Sanomat 2.4.2015<\/em><\/a><br>P\u00e4ivi Ingrid Siren kirjoitti mielipiteess\u00e4\u00e4n Turun Sanomissa mm. ett\u00e4:&nbsp;<em>&#8221;Meid\u00e4n on eritt\u00e4in vaikeaa selvit\u00e4 t\u00e4ss\u00e4 tuoksuja, hajuja, kemikaaleja, homeita ja ilmansaasteita t\u00e4ynn\u00e4 olevassa maailmassa. Tuoksumarkkinointia harjoittavat yritykset tekev\u00e4t kamppailustamme entist\u00e4kin raskaampaa kaventamalla el\u00e4m\u00e4npiiri\u00e4mme entisest\u00e4\u00e4n.&#8221;<\/em><\/p>\n\n\n\n<hr class=\"wp-block-separator has-alpha-channel-opacity\"\/>\n\n\n\n<p><a><\/a><a href=\"http:\/\/www.kemia-lehti.fi\/wp-content\/uploads\/2015\/02\/Home_vaikuttaa_hermostoon_Kemia-lehti_4_2_2015.pdf\" target=\"_blank\" rel=\"noopener\">Home vaikuttaa hermostoon,&nbsp;<em>Kemia-lehti 1\/2015<\/em><\/a><br>Tuoreet tutkimukset osoittavat, ett\u00e4 pilaantunut sis\u00e4ilma voi vaikuttaa kognitiivisiin kykyihin ja aiheuttaa motorisia ongelmia. Sis\u00e4ilman haittatekij\u00f6iden on havaittu aiheuttavan aivosolujen tuhoutumista my\u00f6s matalina pitoisuuksina. Jutun yhteydess\u00e4 my\u00f6s viitteet tutkimuksiin.<\/p>\n\n\n\n<hr class=\"wp-block-separator has-alpha-channel-opacity\"\/>\n\n\n\n<p><a><\/a><a href=\"http:\/\/m.iltalehti.fi\/iltv-doc\/201412080175647_dc.shtml\" target=\"_blank\" rel=\"noopener\">Iltalehti 1.12.2014: Suomalaisella karmiva sairaus<\/a>&nbsp;(video)<br>Jyrki Jylh\u00e4 k\u00e4rsii ty\u00f6ss\u00e4\u00e4n saamansa kemikaalimyrkytyksen aiheuttamista oireista mutta sairautta ei virallisesti haluta my\u00f6nt\u00e4\u00e4. Haastateltavana my\u00f6s l\u00e4\u00e4k\u00e4ri Olli Polo, sek\u00e4 pj. Kari H\u00e4nnik\u00e4inen HaKe ry:st\u00e4.<\/p>\n\n\n\n<hr class=\"wp-block-separator has-alpha-channel-opacity\"\/>\n\n\n\n<p><a><\/a>MCS-potilaiden sairaanhoidonaikaiset ohjeet hoitohenkil\u00f6kunnalle Australiassa<br>Australia p\u00e4ivitt\u00e4nyt syksyll\u00e4 2014 ohjeet mcs-potilaiden huomioimisesta sairaanhoidossa.&nbsp;<a href=\"http:\/\/www.health.act.gov.au\/c\/health?a=dlpubpoldoc&amp;document=2787\" target=\"_blank\" rel=\"noopener\">Lue t\u00e4\u00e4lt\u00e4.<\/a><\/p>\n\n\n\n<hr class=\"wp-block-separator has-alpha-channel-opacity\"\/>\n\n\n\n<p><a><\/a><br>Uuden tutkimuksen mukaan hormonih\u00e4irikk\u00f6kemikaalien aiheuttamat terveyshaitat (mm. diabetes, sy\u00f6p\u00e4, lihavuus, k\u00e4yt\u00f6sh\u00e4iri\u00f6- ja lis\u00e4\u00e4ntymisterveysongelmat) maksavat&nbsp;<strong>31 miljardia euroa EU:n alueella<\/strong>&nbsp;ja miljoonia Suomessa vuosittain.<br><a href=\"https:\/\/news.yahoo.com\/disease-causing-chemicals-everyday-products-cost-eu-billions-193108558.html\" target=\"_blank\" rel=\"noreferrer noopener\">https:\/\/news.yahoo.com\/disease-causing-chemicals-everyday-products-cost-eu-billions-193108558.html<\/a><br><a href=\"http:\/\/www.env-health.org\/resources\/press-releases\/article\/eur31-billion-per-year-in-eu\" target=\"_blank\" rel=\"noreferrer noopener\">http:\/\/www.env-health.org\/resources\/press-releases\/article\/eur31-billion-per-year-in-eu<\/a><\/p>\n\n\n\n<hr class=\"wp-block-separator has-alpha-channel-opacity\"\/>\n\n\n\n<p><a><\/a><br>\u2022&nbsp;<a href=\"http:\/\/www.hengitysliitto.fi\/sisailmaongelmien-aiheuttamat-terveyshaitat#.UyfhuPl_tAo\" target=\"_blank\" rel=\"noreferrer noopener\">Sis\u00e4ilmaongelmien aiheuttamat terveyshaitat<\/a><br>\u2022&nbsp;<a href=\"http:\/\/www.mtv.fi\/uutiset\/kotimaa\/artikkeli\/hengitysliitto--sisailmasta-sairastuneet-ovat-syrjaytymisvaarassa\/3109528\" target=\"_blank\" rel=\"noreferrer noopener\">MTV3: Sis\u00e4ilmasta sairastuneet syrj\u00e4ytymisvaarassa<\/a><br>\u2022&nbsp;<a href=\"http:\/\/www.hengitysliitto.fi\/uutiset\/sisailmasta-sairastunut-putoaa-yhteiskunnan-turvaverkkojen-ulkopuolelle#.Uy3LlPl_tAq\" target=\"_blank\" rel=\"noreferrer noopener\">Sis\u00e4ilmasta&nbsp;sairastunut&nbsp;putoaa&nbsp;yhteiskunnan&nbsp;turvaverkkojen&nbsp;ulkopuolelle<\/a><br>\u2022&nbsp;<a href=\"http:\/\/www.e-julkaisu.fi\/hengitysliitto\/julkaisu_sisailmasta_sair\/pdf\/Sis__ilmasta_sairastuneiden_kokemuksia_e-paper.pdf\" target=\"_blank\" rel=\"noreferrer noopener\">Sis\u00e4ilmasta sairastuneden kokemuksia (PDF-kirja)<\/a><\/p>\n\n\n\n<hr class=\"wp-block-separator has-alpha-channel-opacity\"\/>\n\n\n\n<p><strong>Potilasj\u00e4rjest\u00f6t vaativat oikaisua<\/strong><a href=\"http:\/\/www.thl.fi\/attachments\/koodistopalvelu\/poytakirja_kp-jory%2016122013.pdf\" target=\"_blank\" rel=\"noreferrer noopener\">THL:n koodistoryhm\u00e4n kokouksen p\u00f6yt\u00e4kirjaan<\/a>, koskien ymp\u00e4rist\u00f6herkkyyden sairauskoodia. J\u00e4rjest\u00f6jen l\u00e4hett\u00e4m\u00e4t kannat oli ilmaistu siin\u00e4 vaillinaisesti ja\/tai v\u00e4\u00e4rin. Lis\u00e4ksi joidenkin valtakunnallisesti merkitt\u00e4vien j\u00e4rjest\u00f6jen l\u00e4hett\u00e4m\u00e4t kannat puuttuivat p\u00f6yt\u00e4kirjasta kokonaan. Koodistoryhm\u00e4 oli my\u00f6s j\u00e4tt\u00e4nyt mainitsematta vaatimuksemme saada sairauskoodiksi&nbsp;<strong>T65.9<\/strong>&nbsp;eli &#8221;jonkin\/joidenkin myrkyllisten altisteiden tai niiden yhteisvaikutusten aiheuttama elimist\u00f6n sietokyvynlaskusairaus&#8221;. Oikaisuvaatimukseen osallistuivat&nbsp;<strong>Hajuste- ja kemikaaliyliherk\u00e4t ry<\/strong>,&nbsp;<strong>Homepakolaiset ry<\/strong>&nbsp;ja&nbsp;<strong>Terve Sis\u00e4ilma ry<\/strong>.<\/p>\n\n\n\n<p><a href=\"https:\/\/hajusteyliherkkyys.com\/wp-content\/uploads\/2024\/04\/2014_THL_MED_1.pdf\" data-type=\"link\" data-id=\"https:\/\/hajusteyliherkkyys.com\/wp-content\/uploads\/2024\/04\/2014_THL_MED_1.pdf\" target=\"_blank\" rel=\"noreferrer noopener\">J\u00e4rjest\u00f6jen korjauspyynt\u00f6 koskien niiden lausuntoja \/ THL:n koodistoryhm\u00e4n kokousp\u00f6yt\u00e4kirja 16.12.2013<\/a><\/p>\n\n\n\n<hr class=\"wp-block-separator has-alpha-channel-opacity\"\/>\n\n\n\n<p><a><br><\/a><strong>Linkki:\u00a0<\/strong>STM:n ty\u00f6ryhm\u00e4n esitt\u00e4m\u00e4 sairauskoodi riitt\u00e4m\u00e4t\u00f6n<\/p>\n\n\n\n<hr class=\"wp-block-separator has-alpha-channel-opacity\"\/>\n\n\n\n<p>19.11.2013<br><a href=\"https:\/\/hajusteyliherkkyys.com\/wp-content\/uploads\/2024\/04\/lausunto_STMlle_2013_Suomen-Hajuste-ja-kemikaaliyliherkat.pdf\" data-type=\"link\" data-id=\"https:\/\/hajusteyliherkkyys.com\/wp-content\/uploads\/2024\/04\/lausunto_STMlle_2013_Suomen-Hajuste-ja-kemikaaliyliherkat.pdf\" target=\"_blank\" rel=\"noreferrer noopener\">Yhdistyksen vastine Sosiaali- ja terveysministeri\u00f6n perustelumuistioon (STM\/4240\/2013), koskien ymp\u00e4rist\u00f6sairauksien diagnoosikoodia<\/a><br>Hajuste- ja kemikaaliyliherk\u00e4t ry vaatii, ett\u00e4 STM:n\u00a0<a href=\"http:\/\/www.stm.fi\/c\/document_library\/get_file?folderId=6719234&amp;name=DLFE-27903.pdf\" target=\"_blank\" rel=\"noreferrer noopener\">perustelumuistiossaan<\/a>\u00a0esitt\u00e4m\u00e4n diagnoosikoodin\u00a0<strong>R68.81<\/strong>\u00a0(jatkuva tai toistuva poikkeuksellinen herkkyys ymp\u00e4rist\u00f6n tavanomaisille tekij\u00f6ille) lis\u00e4ksi m\u00e4\u00e4ritet\u00e4\u00e4n\u00a0<strong>monikemikaaliyliherkkyy-<br>delle diagnoosikoodi T65.9<\/strong>\u00a0(m\u00e4\u00e4ritt\u00e4m\u00e4tt\u00f6m\u00e4n aineen myrkkyvaikutukset), ja lis\u00e4ksi\u00a0<strong>sosiaaliturva sairastuneille<\/strong>. T\u00e4m\u00e4 siit\u00e4 syyst\u00e4, ett\u00e4 ministeri\u00f6n esitt\u00e4m\u00e4 koodi olisi vain ymp\u00e4rist\u00f6herkkyyksille yleisesti ja pelk\u00e4st\u00e4\u00e4n tilastollinen, eik\u00e4 se oikeuttaisi sosiaaliturvaan.<\/p>\n\n\n\n<hr class=\"wp-block-separator has-alpha-channel-opacity\"\/>\n\n\n\n<p><a><\/a>Tukes tiukentanut lelujen kemikaalien rajoitteita<br>Uusi laki leluista on tullut voimaan ja Tukes tiukentanut lelujen kemikaalien rajoitteita. Luettelo 55 kielletyst\u00e4 aineesta l\u00f6ytyy&nbsp;<a href=\"http:\/\/eur-lex.europa.eu\/LexUriServ\/LexUriServ.do?uri=OJ:L:2009:170:0001:0037:FI:PDF\" target=\"_blank\" rel=\"noreferrer noopener\">t\u00e4st\u00e4 linkist\u00e4 sivulta 24<\/a>. Siltikin j\u00e4ljelle j\u00e4\u00e4 viel\u00e4 satoja terveyden kannalta ep\u00e4ilytt\u00e4vi\u00e4 yhdisteit\u00e4. Tukes:n p\u00e4\u00e4t\u00f6s on kuitenkin oikeansuuntainen.<\/p>\n\n\n\n<hr class=\"wp-block-separator has-alpha-channel-opacity\"\/>\n\n\n\n<p>Pohjoismaista Hajusteetonta P\u00e4iv\u00e4\u00e4<br>vietetiin Suomessa ensi kertaa 30.5.2013. Tapahtumaan osallistuivat my\u00f6s Ruotsin, Norjan ja Tanskan mcs-yhdistykset.<a><\/a><\/p>\n\n\n\n<hr class=\"wp-block-separator has-alpha-channel-opacity\"\/>\n\n\n\n<p>Vaaralliset homeenestoaineet uhkaavat terveytt\u00e4 16.1.2013<br>&#8221;Riskikemikaaleja on k\u00e4ytetty asuntojen, koulujen ja p\u00e4iv\u00e4kotien desinfiointiin. Tukes my\u00f6nt\u00e4\u00e4, ett\u00e4 Suomessa ihmisi\u00e4 on saattanut sairastua homedesinfiointien seurauksena. Ulkomailla aineita hengitt\u00e4neit\u00e4 ihmisi\u00e4 on jopa kuollut&#8221;<br>Lue lis\u00e4\u00e4 t\u00e4\u00e4lt\u00e4&#8230;<\/p>\n\n\n\n<p><a href=\"http:\/\/www.ttl.fi\/fi\/uutiset\/Sivut\/Huolellinen_siivous_riittaa_homevauriokorjauksen_jalkeen.aspx\" target=\"_blank\" rel=\"noreferrer noopener\">Ty\u00f6terveyslaitos suosittaa desinfioinneista luopumista homeremonttien yhteydess\u00e4<\/a><br>Homevaurioituneet materiaalit tulee puhdistaa muilla keinon tai korvata uusilla ja homeettomaksi siivous tulee tehd\u00e4 ilman desinfiointiaineita. Homeettomaksi siivouksesta on ohjeistus&nbsp;<a href=\"http:\/\/www.ttl.fi\/fi\/tyoymparisto\/sisailma_ja_sisaymparisto\/tyokalut\/Sivut\/default.aspx\" target=\"_blank\" rel=\"noreferrer noopener\">TTL:n sivuilla<\/a>.<a><\/a><\/p>\n\n\n\n<hr class=\"wp-block-separator has-alpha-channel-opacity\"\/>\n\n\n\n<p>Suomen hajuste- ja kemikaaliyliherkkien julkilausuma 25.8.2012<\/p>\n\n\n\n<p>Media ja kansa seuraavat, saavatko hajuste- ja kemikaaliyliherkkyyden takia syrj\u00e4ytyneet t\u00e4n\u00e4 vuonna vihdoinkin asianmukaisen fyysisen ja sosiaalietuuksiin oikeuttavan diagnoosinumeron ja sosiaaliturvan<\/p>\n\n\n\n<p>Suomen Hajuste- ja kemikaaliyliherk\u00e4t ry:n kes\u00e4juhlassa k\u00e4siteltiin kemikaali- ja hajusteyliherkkyyden takia kotinsa, koulutuspaikkansa, toimeentulonsa, harrastuksensa ja terveytens\u00e4 menett\u00e4neiden ep\u00e4inhimillist\u00e4 tilannetta. Toistaiseksi yhteiskunta ei ole auttanut sairastuneita mill\u00e4\u00e4n tavalla. Terveyden- ja hyvinvoinnin laitos on ilmoittanut p\u00e4\u00e4tt\u00e4v\u00e4ns\u00e4 t\u00e4m\u00e4n vuoden aikana, suosittaako se diagnoosinumeron antamista sairaudelle.<\/p>\n\n\n\n<p>T\u00e4h\u00e4n menness\u00e4 kemikaaliyliherkkyyden takia noin 20 000 ihmist\u00e4 on pysyv\u00e4sti ty\u00f6kyvytt\u00f6m\u00e4n\u00e4, l\u00e4hes 40 000 on menett\u00e4nyt ty\u00f6- tai koulutuspaikkansa ja liki 200 000:lla suomalaisella kemikaali-herkistyminen vaikeuttaa arjesta selviytymist\u00e4. (Berg et al., Occup Environ Health. 2008 Jul;81(7):881-7). Viel\u00e4k\u00f6 viranomaiset haluavat odottaa, ett\u00e4 sairastuneiden m\u00e4\u00e4r\u00e4 kasvaa, vai riitt\u00e4k\u00f6 t\u00e4m\u00e4 sairastuneiden m\u00e4\u00e4r\u00e4 ja viranomaiset kantavat viimeinkin vastuunsa kansanterveydest\u00e4?<\/p>\n\n\n\n<p>Yhdistykseen ottaa yhteytt\u00e4 yh\u00e4 enemm\u00e4n eritt\u00e4in vakavasti sairastuneita. Tutkimuksissa on todettu, ett\u00e4 sairaus ei etene invalidisoivaksi, jos altistus lopetetaan jo sairauden alussa (Genuis, Sci Total Environ. 2010 Nov 15;408(24):6047-61). Ilman sairauslomaoikeutta ja sairauden virallista asemaa t\u00e4m\u00e4 on tietysti mahdotonta.<\/p>\n\n\n\n<p>H\u00e4lytt\u00e4v\u00e4\u00e4 on my\u00f6s se, ett\u00e4 yhteyden otot koskevat yh\u00e4 nuorempia sairastuneita. T\u00e4ll\u00e4 hetkell\u00e4 monet lapset invalidisoituvat vakavasti varsinkin kosteusvaurioisissa taloissa (p\u00e4iv\u00e4kodit, koulut jne.) puhjenneen yliherkkyyden my\u00f6t\u00e4 niin, ett\u00e4 eiv\u00e4t en\u00e4\u00e4 voi olla koulussa, k\u00e4yd\u00e4 harrastustensa parissa tai olla normaaleissa vuorovaikutuksessa ik\u00e4istens\u00e4 kanssa. Onko kuntien jo aika purkaa kosteusvaurioituneet koulut ja rakennuttaa tilalle terveet?<\/p>\n\n\n\n<p>Suomen hajuste- ja kemikaaliyliherk\u00e4t ry. vetoaa sen puolesta, ett\u00e4 tarpeettomien tai hy\u00f6dyilt\u00e4\u00e4n kiistanalaisten kemikaalien k\u00e4ytt\u00f6 lopetettaisiin. Kemikaalit aiheuttavat kemikaaleille herkistyneille pitk\u00e4kestoisia ja invalidisoivia, usein yhteiskunnasta syrj\u00e4ytt\u00e4vi\u00e4 oireita. Esimerkiksi hajusteille herkistynyt voi menett\u00e4\u00e4 ty\u00f6paikkansa siksi, ett\u00e4 ty\u00f6paikalla ei suostuta siivoamaan hajusteettomilla pesuaineilla. Koulun kosteusvauriokorjauksen j\u00e4lkeinen biosidi- k\u00e4sittely taas voi aiheuttaa herkistyneelle oppilaalle vaikeita oireita. Kemikaalien k\u00e4ytt\u00f6\u00f6notto tulisi tapahtua vasta niiden turvallisuuden selvitt\u00e4misen j\u00e4lkeen, esim. 1.7.2012 EU kielsi biosidi PHMG:n k\u00e4yt\u00f6n. T\u00e4ll\u00e4 kemikaalilla on k\u00e4sitelty pintoja ja esineit\u00e4 runsaasti kodeissa, kouluissa ja sairaaloissa. Koska aine on pysyv\u00e4, niin sille altistuu edelleen suuri joukko mm. suomalaisia lapsia, potilaita ja henkil\u00f6kuntaa. Koska viranomaiset alkavat ohjeistaa ja valvoa aineen poistamista sis\u00e4tiloista?<\/p>\n\n\n\n<p>Laura Unnaslahti<br>Hajuste- ja Kemikaaliyliherk\u00e4t ry.<br>Puh. 050-5530448<br>www.hajusteyliherkkyys.com<\/p>\n\n\n\n<p>Viitteet:<br>Berg ND, Linneberg A, Dirksen A, Elberling J. Prevalence of self-reported symptoms and consequences related to inhalation of airborne chemicals in a Danish general population. Int Arch Occup Environ Health. 2008 Jul;81(7):881-7. Epub 2007 Dec 6. (http:\/\/www.ncbi.nlm.nih.gov\/pubmed\/18058120) Genuis SJ. Sensitivity-related illness: the escalating pandemic of allergy, food intolerance and chemical sensitivity. Sci Total Environ. 2010 Nov 15;408(24):6047-61. (http:\/\/www.ncbi.nlm.nih.gov\/pubmed\/20920818)<\/p>\n\n\n\n<hr class=\"wp-block-separator has-alpha-channel-opacity\"\/>\n\n\n\n<p>08\/2012 Yhdistyksen syyskokous pidet\u00e4\u00e4n 20.10.2012 osoitteessa Huvilinnantie 5, Espoo. Kokouksesssa k\u00e4sitell\u00e4\u00e4n s\u00e4\u00e4nt\u00f6m\u00e4\u00e4r\u00e4iset asiat ja tarjoillaan pient\u00e4 purtavaa. Kokous on hajusteeton.<\/p>\n\n\n\n<hr class=\"wp-block-separator has-alpha-channel-opacity\"\/>\n\n\n\n<p>06\/2012Ty\u00f6terveyslaitos (TTL) on julkaissut 7.6.2012 videon &#8221;Monikemikaaliyliherkkyys ja ty\u00f6kyky&#8221;, jossa TTL:n p\u00e4\u00e4johtaja Vainio t\u00e4hdent\u00e4\u00e4, ett\u00e4 monikemikaaliyliherkki\u00e4 ei saa j\u00e4tt\u00e4\u00e4 yhteiskunnan turvaverkon ulkopuolelle. Video on katsottavissa&nbsp;<a href=\"http:\/\/www.youtube.com\/watch?v=Cj_YT-eEFFA\" target=\"_blank\" rel=\"noreferrer noopener\">t\u00e4st\u00e4<\/a>.<\/p>\n\n\n\n<hr class=\"wp-block-separator has-alpha-channel-opacity\"\/>\n\n\n\n<p>04\/2012 Yhdistyksen kes\u00e4juhla pidet\u00e4\u00e4n 25.8.2012 Hollolassa osoitteessa Viljatie 25. Ilmoittautumiset juhlaan pit\u00e4\u00e4 tehd\u00e4 yhdistyksen s\u00e4hk\u00f6postiin 20.8.2012 menness\u00e4.<\/p>\n\n\n\n<hr class=\"wp-block-separator has-alpha-channel-opacity\"\/>\n\n\n\n<p>2\/2012 Ty\u00f6terveyslaitoksen p\u00e4\u00e4johtaja Vainio on Ty\u00f6, Terveys, Turvallisuus -lehdess\u00e4 1\/2012 ottanut kantaa siihen, ett\u00e4 kemikaaliyliherkkyydelle tulee saada tautiluokitus ja sairastuneille sosiaaliturva. Koko kirjoitus on luettavissa&nbsp;<a href=\"http:\/\/www.ttl.fi\/partner\/ttt\/1_2012\/paakirjoitus_hullun_ajan_tauti\/sivut\/default.aspx\" target=\"_blank\" rel=\"noreferrer noopener\">t\u00e4st\u00e4<\/a>.<\/p>\n\n\n\n<hr class=\"wp-block-separator has-alpha-channel-opacity\"\/>\n\n\n\n<p>12\/2011 Yhdistyksemme kev\u00e4tkokous pidet\u00e4\u00e4n 31.3.2012 klo 12.30 &#8211; 14.00 Tampereella, Vesilinnankatu 1, ovi D 1. Kokouksessa k\u00e4sitell\u00e4\u00e4n s\u00e4\u00e4nt\u00f6m\u00e4\u00e4r\u00e4iset asiat. Sen j\u00e4lkeen on kahvitarjoilu ja mahdollisuus vapaaseen keskusteluun.<\/p>\n\n\n\n<hr class=\"wp-block-separator has-alpha-channel-opacity\"\/>\n\n\n\n<p>09\/2011 Yhdistyksemme syyskokous on 12.11.2011 klo 13.00 &#8211; 17.00 M\u00e4nty Lounasravintolassa, Seisakekatu 2, Lahti. Kokouksessa k\u00e4sitell\u00e4\u00e4n s\u00e4\u00e4nt\u00f6m\u00e4\u00e4r\u00e4iset asiat ja sen j\u00e4lkeen yhdistys tarjoaa ruokaa ja mahdollisuuden vapaaseen keskusteluun. Tervetuloa mukaan hajusteetta!<\/p>\n\n\n\n<hr class=\"wp-block-separator has-alpha-channel-opacity\"\/>\n\n\n\n<p>04\/2011: Yhdistyksemme kes\u00e4juhla on 21.8.2011 klo 14.00 alkaen Hollolassa osoitteessa Viljatie 25. Juhla pyrit\u00e4\u00e4n viett\u00e4m\u00e4\u00e4n ulkona, joten suosittelemme s\u00e4\u00e4nmukaista ja l\u00e4mmint\u00e4 pukeutumista. Tilaisuuteen tulee ilmoittautua 12.8.2011 menness\u00e4 yhdistyksen s\u00e4hk\u00f6postiin hakeinfo@gmail.com. Ilmoittautumisen yhteydess\u00e4 olisi hyv\u00e4 mainita mahdolliset ruoka-ainerajoitukset, sill\u00e4 yhdistys tarjoaa juhlassa pient\u00e4 purtavaa. Juhlaan voi ottaa hajusteettoman perheens\u00e4 tai yst\u00e4v\u00e4ns\u00e4 mukaan.<\/p>\n\n\n\n<hr class=\"wp-block-separator has-alpha-channel-opacity\"\/>\n\n\n\n<p>02\/2011: Yhdistyksemme kev\u00e4tkokous pidet\u00e4\u00e4n torstaina 31.3 klo 16.30 Helsingiss\u00e4 Infokeskus Koronan kahvilassa osoitteessa Viikinkaari 11, (sininen py\u00f6re\u00e4 lasitalo). Kokouksessa k\u00e4sitell\u00e4\u00e4n s\u00e4\u00e4nt\u00f6m\u00e4\u00e4r\u00e4iset asiat, jonka j\u00e4lkeennoin klo 17.00 prof. Mirja Salkinoja-Salonen puhuu haitallisten kemikaalien vaikutuksesta elimist\u00f6\u00f6n.<\/p>\n\n\n\n<hr class=\"wp-block-separator has-alpha-channel-opacity\"\/>\n\n\n\n<p>08\/2010: Yhdistyksemme syyskokous pidet\u00e4\u00e4n lauantaina 13.11.2010 klo 14.00 &#8211; 17.00 Espoossa Tapiolassa EYJ:n kokoustilassa kokoushuone Erkkeriss\u00e4 osoitteessa Kauppamiehentie 6, 2 krs. Kokouksessa k\u00e4sitell\u00e4\u00e4n s\u00e4\u00e4nt\u00f6m\u00e4\u00e4r\u00e4iset asiat ja valitaan uusi johtokunta. Kokouksen j\u00e4lkeen Leila esitt\u00e4\u00e4 it\u00e4maisen tanssin, jonka j\u00e4lkeen on mahdollisuus vapaaseen keskusteluun. Kaikki ovat syd\u00e4mellisesti tervetulleita mukaan ilman hajusteita!<\/p>\n\n\n\n<hr class=\"wp-block-separator has-alpha-channel-opacity\"\/>\n\n\n\n<p>02\/2010: Yhdistyksemme kev\u00e4tkokous pidet\u00e4\u00e4n lauantaina 10.4.2010 klo 14.00 &#8211; 17.00 Espoossa Tapiolassa EYJ:n kokoustilassa kokoushuone Erkkeriss\u00e4 osoitteessa Kauppamiehentie 6, 2 krs., (Samassa talossa on keilahalli ja apteekki). Kokouksessa k\u00e4sitell\u00e4\u00e4n s\u00e4\u00e4nt\u00f6m\u00e4\u00e4r\u00e4iset asiat, joiden j\u00e4lkeen Leila esitt\u00e4\u00e4 it\u00e4maisen tanssin. Lopuksi on vapaata keskustelua. Kaikki ovat syd\u00e4mellisesti tervetulleita mukaan ilman hajusteita.<\/p>\n\n\n\n<hr class=\"wp-block-separator has-alpha-channel-opacity\"\/>\n\n\n\n<p>04\/2009: Yhdistyksemme kev\u00e4tkokous pidet\u00e4\u00e4n lauantaina 18.4.2009 klo 14.00 &#8211; 17.00 Espoossa osoitteessa Kauppamiehentie 6, 2 krs., (Tapiola, samassa talossa on keilahalli ja apteekki). Kokouksessa k\u00e4sitell\u00e4\u00e4n s\u00e4\u00e4nt\u00f6m\u00e4\u00e4r\u00e4iset asiat. Kokouksen j\u00e4lkeen Leila esitt\u00e4\u00e4 it\u00e4maisen tanssin. Tanssin j\u00e4lkeen NLP-kouluttaja Leena-Maija Hurme alustaa aiheesta \u201dMiten hajusteyliherkk\u00e4 voi s\u00e4ilytt\u00e4\u00e4 luottamuksensa tulevaisuuteen ja saada voimavaroja.\u201d Kaikki ovat hajusteettomina tervetulleita mukaan.<\/p>\n\n\n\n<hr class=\"wp-block-separator has-alpha-channel-opacity\"\/>\n\n\n\n<p>10\/2008: Yhdistyksemme syyskokous pidet\u00e4\u00e4n sunnuntaina 26.10.2008 klo 15.00 Lounasravintolassa Hyv\u00e4 Maku, osoitteessa Saimaankatu 11 Lahti. Kokouksessa k\u00e4sitell\u00e4\u00e4n s\u00e4\u00e4nt\u00f6m\u00e4\u00e4r\u00e4iset asiat eli mm. valitaan uusi johtokunta. Kokouksen j\u00e4lkeen hoitaja Leila Kuutti-Pelkonen ohjaa tuolitansseja. Tanssit sopivat kaikenik\u00e4isille ja -kuntoisille eik\u00e4 niiss\u00e4 tarvita paria.<\/p>\n\n\n\n<hr class=\"wp-block-separator has-alpha-channel-opacity\"\/>\n\n\n\n<p>08\/2008: Muistattehan ilmoittautua yhdistyksemme kes\u00e4juhlaan 16.8.2008 menness\u00e4 yhdistyksen s\u00e4hk\u00f6postiin. Kes\u00e4juhla on lauantaina 23.8.2008 klo 14.00 &#8211; 18.00 Sipoossa.<\/p>\n\n\n\n<hr class=\"wp-block-separator has-alpha-channel-opacity\"\/>\n\n\n\n<p>06\/2008: Yhdistyksemme kes\u00e4juhla on lauantaina 23.8.2008 klo 14.00 &#8211; 18.00 Sipoossa. Ohjelmassa on mm. mukavaa yhdess\u00e4oloa, tanssia, musiikkia ja pient\u00e4 purtavaa. Lis\u00e4tietoa ja ajo-ohjeita voi kysell\u00e4 yhdistyksen s\u00e4hk\u00f6postista. Sitovat ilmoittautumiset juhlaan tulee l\u00e4hett\u00e4\u00e4 15.8 menness\u00e4 s\u00e4hk\u00f6postilla hajusteyliherkkyys.com.<\/p>\n\n\n\n<hr class=\"wp-block-separator has-alpha-channel-opacity\"\/>\n\n\n\n<p>10\/2007: Yhdistyksemme kev\u00e4tkokous pidet\u00e4\u00e4n lauantaina 26.4.2008 alkaen klo 14.00 Kahvilassa Valkoinen Omena Lahden keskustassa osoitteessa H\u00e4meenkatu 10. Kev\u00e4tkokouksen j\u00e4lkeen juhlimme pitk\u00e4aikaisen varapuheenjohtajamme syntym\u00e4p\u00e4ivi\u00e4. Yhdistys tarjoaa juhlan kunniaksi j\u00e4senille kotiruokaa ja kakkukahvit. Tarjoilujen takia j\u00e4seni\u00e4 pyydet\u00e4\u00e4n ilmoittautumaan juhlaan sunnuntaihin 20.4.2008 menness\u00e4 s\u00e4hk\u00f6postiin info[a]hajusteyliherkkyys.com. Ilmoittautumisen yhteydess\u00e4 on hyv\u00e4 mainita mahdolliset ruoka-aineallergiat.<\/p>\n\n\n\n<hr class=\"wp-block-separator has-alpha-channel-opacity\"\/>\n\n\n\n<p>10\/2007: Yhdistyksen syyskokous on 3.11.2007 klo 14.00 osoitteessa Hyv\u00e4 Maku, Saimaankatu 11, Lahti.<\/p>\n\n\n\n<hr class=\"wp-block-separator has-alpha-channel-opacity\"\/>\n\n\n\n<p>04\/2007: S\u00e4\u00e4nt\u00f6m\u00e4\u00e4r\u00e4inen kev\u00e4tkokous 29.4.2007 klo 14.00 Hyv\u00e4 Maku lounasravintola, Saimaankatu 11, Lahti<\/p>\n\n\n\n<hr class=\"wp-block-separator has-alpha-channel-opacity\"\/>\n\n\n\n<p>10\/2006: Yhdistyksemme syyskokous pidet\u00e4\u00e4n lauantaina 18.11.2006 klo 14.00 Helsingin keskustassa osoitteessa Vilhonkatu 4 B 13. Yhdistyksemme adressi sosiaaliturvan saamiseksi hajusteyliherkille luovutetaan 28.4.2009 peruspalveluministerille, joten muistakaa k\u00e4yd\u00e4 allekirjoittamassa se osoitteessa: http:\/\/www.adressit.sosiaaliturvahajusteyliherkille. Kaikki joukolla allekirjoittamaan! Syyskokouksen j\u00e4lkeen hammashoitaja Leila Kuutti-Pelkonen alustaa aiheesta: Herk\u00e4n suun- ja hampaiden hoito. Alustuksen j\u00e4lkeen on mahdollisuus esitt\u00e4\u00e4 kysymyksi\u00e4 ja tutustua herk\u00e4n suun hoitotuotteisiin.<\/p>\n\n\n\n<hr class=\"wp-block-separator has-alpha-channel-opacity\"\/>\n\n\n\n<p>10\/2006: Yhdistys on kirjoittanut vetoomuksen sosiaaliturvan saamiseksi hajuste- ja kemikaaliyliherkille. Vetoomuksessa vedotaan my\u00f6s turhien kemikaalien k\u00e4yt\u00f6n lopettamisen puolesta. Yhdistys luovuttaa vetoomuksen peruspalvelu-, sosiaali-ja terveys- sek\u00e4 ty\u00f6ministerille ensi vuonna. Vetoomuksen voi allekirjoittaa osoitteessa http:\/\/www.adressit.com\/sosiaaliturvahajusteyliherkille.<\/p>\n","protected":false},"excerpt":{"rendered":"<p>L\u00e4\u00e4k\u00e4ri Saija Hyv\u00f6nen&nbsp;kertoo sis\u00e4ilmariskeist\u00e4 elokuussa 2022 koulujen alkaessa L\u00e4\u00e4ketieteen tohtori Saija Hyv\u00f6nen havaitsi v\u00e4it\u00f6skirjassaan 2022,&nbsp;ett\u00e4 sis\u00e4ilmaongelmista k\u00e4rsineell\u00e4 poliisilaitoksella terveist\u00e4 poliiseista [&hellip;]<\/p>\n","protected":false},"author":1,"featured_media":0,"parent":0,"menu_order":0,"comment_status":"closed","ping_status":"closed","template":"","meta":{"_uag_custom_page_level_css":"","site-sidebar-layout":"default","site-content-layout":"","ast-site-content-layout":"default","site-content-style":"default","site-sidebar-style":"default","ast-global-header-display":"","ast-banner-title-visibility":"","ast-main-header-display":"","ast-hfb-above-header-display":"","ast-hfb-below-header-display":"","ast-hfb-mobile-header-display":"","site-post-title":"","ast-breadcrumbs-content":"","ast-featured-img":"","footer-sml-layout":"","ast-disable-related-posts":"","theme-transparent-header-meta":"","adv-header-id-meta":"","stick-header-meta":"","header-above-stick-meta":"","header-main-stick-meta":"","header-below-stick-meta":"","astra-migrate-meta-layouts":"default","ast-page-background-enabled":"default","ast-page-background-meta":{"desktop":{"background-color":"var(--ast-global-color-4)","background-image":"","background-repeat":"repeat","background-position":"center center","background-size":"auto","background-attachment":"scroll","background-type":"","background-media":"","overlay-type":"","overlay-color":"","overlay-opacity":"","overlay-gradient":""},"tablet":{"background-color":"","background-image":"","background-repeat":"repeat","background-position":"center center","background-size":"auto","background-attachment":"scroll","background-type":"","background-media":"","overlay-type":"","overlay-color":"","overlay-opacity":"","overlay-gradient":""},"mobile":{"background-color":"","background-image":"","background-repeat":"repeat","background-position":"center center","background-size":"auto","background-attachment":"scroll","background-type":"","background-media":"","overlay-type":"","overlay-color":"","overlay-opacity":"","overlay-gradient":""}},"ast-content-background-meta":{"desktop":{"background-color":"var(--ast-global-color-5)","background-image":"","background-repeat":"repeat","background-position":"center center","background-size":"auto","background-attachment":"scroll","background-type":"","background-media":"","overlay-type":"","overlay-color":"","overlay-opacity":"","overlay-gradient":""},"tablet":{"background-color":"var(--ast-global-color-5)","background-image":"","background-repeat":"repeat","background-position":"center center","background-size":"auto","background-attachment":"scroll","background-type":"","background-media":"","overlay-type":"","overlay-color":"","overlay-opacity":"","overlay-gradient":""},"mobile":{"background-color":"var(--ast-global-color-5)","background-image":"","background-repeat":"repeat","background-position":"center center","background-size":"auto","background-attachment":"scroll","background-type":"","background-media":"","overlay-type":"","overlay-color":"","overlay-opacity":"","overlay-gradient":""}},"footnotes":""},"class_list":["post-478","page","type-page","status-publish","hentry"],"uagb_featured_image_src":{"full":false,"thumbnail":false,"medium":false,"medium_large":false,"large":false,"1536x1536":false,"2048x2048":false},"uagb_author_info":{"display_name":"admin","author_link":"https:\/\/hajusteyliherkkyys.com\/author\/admin\/"},"uagb_comment_info":0,"uagb_excerpt":"L\u00e4\u00e4k\u00e4ri Saija Hyv\u00f6nen&nbsp;kertoo sis\u00e4ilmariskeist\u00e4 elokuussa 2022 koulujen alkaessa L\u00e4\u00e4ketieteen tohtori Saija Hyv\u00f6nen havaitsi v\u00e4it\u00f6skirjassaan 2022,&nbsp;ett\u00e4 sis\u00e4ilmaongelmista k\u00e4rsineell\u00e4 poliisilaitoksella terveist\u00e4 poliiseista [&hellip;]","_links":{"self":[{"href":"https:\/\/hajusteyliherkkyys.com\/index.php\/wp-json\/wp\/v2\/pages\/478","targetHints":{"allow":["GET"]}}],"collection":[{"href":"https:\/\/hajusteyliherkkyys.com\/index.php\/wp-json\/wp\/v2\/pages"}],"about":[{"href":"https:\/\/hajusteyliherkkyys.com\/index.php\/wp-json\/wp\/v2\/types\/page"}],"author":[{"embeddable":true,"href":"https:\/\/hajusteyliherkkyys.com\/index.php\/wp-json\/wp\/v2\/users\/1"}],"replies":[{"embeddable":true,"href":"https:\/\/hajusteyliherkkyys.com\/index.php\/wp-json\/wp\/v2\/comments?post=478"}],"version-history":[{"count":3,"href":"https:\/\/hajusteyliherkkyys.com\/index.php\/wp-json\/wp\/v2\/pages\/478\/revisions"}],"predecessor-version":[{"id":590,"href":"https:\/\/hajusteyliherkkyys.com\/index.php\/wp-json\/wp\/v2\/pages\/478\/revisions\/590"}],"wp:attachment":[{"href":"https:\/\/hajusteyliherkkyys.com\/index.php\/wp-json\/wp\/v2\/media?parent=478"}],"curies":[{"name":"wp","href":"https:\/\/api.w.org\/{rel}","templated":true}]}}